{"id":9,"date":"2025-08-07T19:18:32","date_gmt":"2025-08-07T17:18:32","guid":{"rendered":"https:\/\/gbarone.isialab.it\/lets_festival_2025\/?page_id=9"},"modified":"2025-09-18T17:07:13","modified_gmt":"2025-09-18T15:07:13","slug":"home","status":"publish","type":"page","link":"https:\/\/gbarone.isialab.it\/lets_festival_2025\/","title":{"rendered":"HOME"},"content":{"rendered":"\n<div class=\"wp-block-uagb-container uagb-block-f16f951b alignfull uagb-is-root-container\"><div class=\"uagb-container-inner-blocks-wrap\">\n<div class=\"wp-block-getwid-advanced-heading\" style=\"margin-top:0px\"><h1 class=\"wp-block-getwid-advanced-heading__content has-text-color has-black-color\" style=\"text-align:center\">LET&#8217;S FESTIVAL 2025<\/h1><\/div>\n\n\n\n<div class=\"wp-block-getwid-advanced-heading\" style=\"margin-bottom:-10px;margin-top:-10px\"><h3 class=\"wp-block-getwid-advanced-heading__content has-text-color has-black-color\" style=\"text-align:center\">SUSSURRIO DI STELLE<\/h3><\/div>\n\n\n\n<div class=\"wp-block-getwid-advanced-heading\"><h5 class=\"wp-block-getwid-advanced-heading__content\" style=\"text-align:center;margin-left:10px;margin-right:10px\">Il <strong>Let\u2019s Festival 2025<\/strong> accende l\u2019estate con due giornate di musica e atmosfere indimenticabili. A <strong>Castelfranco di Sotto<\/strong>, nel cuore della provincia di Pisa, prende vita uno dei pi\u00f9 attesi <strong>festival di luglio in Toscana<\/strong>: un\u2019esperienza che unisce note, emozioni e incontri sotto il cielo estivo.<\/h5><\/div>\n\n\n\n<div class=\"wp-block-getwid-advanced-heading\"><h5 class=\"wp-block-getwid-advanced-heading__content\" style=\"text-align:center;line-height:1px\"><strong>Lascia che le stelle ti sussurrino.<\/strong><\/h5><\/div>\n\n\n\n<div class=\"wp-block-uagb-buttons uagb-buttons__outer-wrap uagb-btn__default-btn uagb-btn-tablet__default-btn uagb-btn-mobile__default-btn uagb-block-cc5b1c50\"><div class=\"uagb-buttons__wrap uagb-buttons-layout-wrap \">\n<div class=\"wp-block-uagb-buttons-child uagb-buttons__outer-wrap uagb-block-b4f062a8 wp-block-button\"><div class=\"uagb-button__wrapper\"><a class=\"uagb-buttons-repeater wp-block-button__link\" aria-label=\"\" href=\"https:\/\/dice.fm\/partner\/ass-cult-musicastrada\/event\/mxenxv-lets-festival-2026-abbonamento-10th-jul-orto-di-san-matteo-castelfranco-di-sotto-tickets?dice_id=6598105&amp;dice_channel=web&amp;dice_tags=organic&amp;dice_campaign=Ass+Cult+Musicastrada&amp;dice_feature=mio_marketing&amp;fbclid=PAZXh0bgNhZW0CMTEAAadEi0V98V13y-00znnIqArgKDF0sX4VU40HsIpG0QsXXBtdTAmldboFcPQY6Q_aem_IKp3EvwIGYS4gj5aSitHOQ&amp;_branch_match_id=1247209986606331630&amp;utm_source=web&amp;utm_campaign=Ass+Cult+Musicastrada&amp;utm_medium=mio_marketing&amp;_branch_referrer=H4sIAAAAAAAAAwXB2wqCMAAA0L%2FprVw4TQOJZd6QStFMfRHdpq68tUlSD31757TzPIm9JHVseG4Iw3RT9xLbaViHCpZltT7UFe4YMQKUpy2omkub34F5ji2ESmIxkOhaspU%2FawC%2Bw%2BC9EG%2F8kw1ECpMbBK7wJgeEIk2PM4lR35FqtHEQZmpYlLQvPH%2BSrffiOVkEm4dSRmx2r%2BHqx2lNOWdDU1R8XATlhtnysad%2FePhZIK4AAAA%3D\" rel=\"nofollow noopener\" target=\"_blank\" role=\"button\"><div class=\"uagb-button__link\">BIGLIETTI 2025 >>><\/div><\/a><\/div><\/div>\n<\/div><\/div>\n<\/div><\/div>\n\n\n\n<div class=\"wp-block-uagb-container uagb-block-431a9e73 alignfull uagb-is-root-container\">\n<div class=\"wp-block-getwid-advanced-heading\"><h2 class=\"wp-block-getwid-advanced-heading__content\" style=\"text-align:center;font-weight:700;padding-top:100px\">LINE UP FESTIVAL 2025<\/h2><\/div>\n\n\n\n<div class=\"wp-block-uagb-container uagb-block-8c7d7c7b\"><div class=\"pt-cv-wrapper\"><div class=\"pt-cv-view pt-cv-scrollable pt-cv-colsys cveffect-darken pt-cv-left carosellohome\" id=\"pt-cv-view-6315be740k\"><div data-id=\"pt-cv-page-1\" class=\"pt-cv-page\" data-cvc=\"3\"><div id=\"610cf659ro\" class=\"pt-cv-carousel pt-cv-slide\" data-ride=\"cvcarousel\" data-interval=3000><ol class=\"pt-cv-carousel-indicators\"><li data-target=\"#610cf659ro\" data-cvslide-to=\"0\" class=\"active\"><\/li>\n<li data-target=\"#610cf659ro\" data-cvslide-to=\"1\" class=\"\"><\/li>\n<li data-target=\"#610cf659ro\" data-cvslide-to=\"2\" class=\"\"><\/li><\/ol>\n<div class=\"carousel-inner\"><div class=\"item active\"><div class=\"row\"><div class=\"col-md-4 col-sm-6 col-xs-12 pt-cv-content-item pt-cv-1-col\"  data-pid=\"844\"><a href=\"https:\/\/gbarone.isialab.it\/lets_festival_2025\/artista\/ventidue\/\" class=\"_self pt-cv-href-thumbnail pt-cv-thumb-default pt-cv-thumb-wrapper cvplbd\" target=\"_self\" ><img loading=\"lazy\" decoding=\"async\" width=\"600\" height=\"350\" src=\"https:\/\/gbarone.isialab.it\/lets_festival_2025\/wp-content\/uploads\/2025\/08\/ventidue-600x350.webp\" class=\"pt-cv-thumbnail img-rounded\" alt=\"Foto dell&#039;artista Ventidue\" srcset=\"https:\/\/gbarone.isialab.it\/lets_festival_2025\/wp-content\/uploads\/2025\/08\/ventidue-600x350.webp\" sizes=\"auto, (max-width: 600px) 100vw, 600px\" \/><\/a>\n<div class=\"pt-cv-carousel-caption pt-cv-cap-w-img\"><h4 class=\"pt-cv-title\"><a href=\"https:\/\/gbarone.isialab.it\/lets_festival_2025\/artista\/ventidue\/\" class=\"_self cvplbd\" target=\"_self\" >VENTIDUE<\/a><\/h4>\n<div class=\"pt-cv-ctf-list\" data-cvc=\"1\"><div class=\"col-md-12 pt-cv-ctf-column\"><div class=\"pt-cv-custom-fields pt-cv-ctf-edizione\"><div class=\"pt-cv-ctf-value\">LET&#8217;S FESTIVAL 2025 &#8211; Sussurio di stelle<\/div><\/div><\/div><div class=\"col-md-12 pt-cv-ctf-column\"><div class=\"pt-cv-custom-fields pt-cv-ctf-data\"><div class=\"pt-cv-ctf-value\">11.07.2025<\/div><\/div><\/div><div class=\"col-md-12 pt-cv-ctf-column\"><div class=\"pt-cv-custom-fields pt-cv-ctf-ora\"><div class=\"pt-cv-ctf-value\">18:30<\/div><\/div><\/div><\/div>\n<div class=\"pt-cv-content\">Elewskii, alias VENTIDUE, \u00e8 il progetto solista nato nel 2022, &#8230;<br \/><div class=\"pt-cv-rmwrap\"><a href=\"https:\/\/gbarone.isialab.it\/lets_festival_2025\/artista\/ventidue\/\" class=\"_self pt-cv-readmore btn btn-success cvplbd\" target=\"_self\">SCOPRI &gt;&gt;&gt;<\/a><\/div><\/div><\/div><\/div>\n<div class=\"col-md-4 col-sm-6 col-xs-12 pt-cv-content-item pt-cv-1-col\"  data-pid=\"2123\"><a href=\"https:\/\/gbarone.isialab.it\/lets_festival_2025\/artista\/azzurroelettricofluido\/\" class=\"_self pt-cv-href-thumbnail pt-cv-thumb-default pt-cv-thumb-wrapper cvplbd\" target=\"_self\" ><img loading=\"lazy\" decoding=\"async\" width=\"600\" height=\"350\" src=\"https:\/\/gbarone.isialab.it\/lets_festival_2025\/wp-content\/uploads\/2025\/08\/azzurro_elettrico_fluido-1-600x350.webp\" class=\"pt-cv-thumbnail img-rounded\" alt=\"Foto dell&#039;artista Azzurro Elettrico Fluido\" srcset=\"https:\/\/gbarone.isialab.it\/lets_festival_2025\/wp-content\/uploads\/2025\/08\/azzurro_elettrico_fluido-1-600x350.webp\" sizes=\"auto, (max-width: 600px) 100vw, 600px\" \/><\/a>\n<div class=\"pt-cv-carousel-caption pt-cv-cap-w-img\"><h4 class=\"pt-cv-title\"><a href=\"https:\/\/gbarone.isialab.it\/lets_festival_2025\/artista\/azzurroelettricofluido\/\" class=\"_self cvplbd\" target=\"_self\" >AZZURRO<\/a><\/h4>\n<div class=\"pt-cv-ctf-list\" data-cvc=\"1\"><div class=\"col-md-12 pt-cv-ctf-column\"><div class=\"pt-cv-custom-fields pt-cv-ctf-edizione\"><div class=\"pt-cv-ctf-value\">LET&#8217;S FESTIVAL 2025 &#8211; Sussurio di stelle<\/div><\/div><\/div><div class=\"col-md-12 pt-cv-ctf-column\"><div class=\"pt-cv-custom-fields pt-cv-ctf-data\"><div class=\"pt-cv-ctf-value\">11.07.2025<\/div><\/div><\/div><div class=\"col-md-12 pt-cv-ctf-column\"><div class=\"pt-cv-custom-fields pt-cv-ctf-ora\"><div class=\"pt-cv-ctf-value\">19:30<\/div><\/div><\/div><\/div>\n<div class=\"pt-cv-content\">Azzurro Elettrico Fluido \u00e8 un progetto musicale emergente della nuova &#8230;<br \/><div class=\"pt-cv-rmwrap\"><a href=\"https:\/\/gbarone.isialab.it\/lets_festival_2025\/artista\/azzurroelettricofluido\/\" class=\"_self pt-cv-readmore btn btn-success cvplbd\" target=\"_self\">SCOPRI &gt;&gt;&gt;<\/a><\/div><\/div><\/div><\/div>\n<div class=\"col-md-4 col-sm-6 col-xs-12 pt-cv-content-item pt-cv-1-col\"  data-pid=\"1135\"><a href=\"https:\/\/gbarone.isialab.it\/lets_festival_2025\/artista\/faccianuvola\/\" class=\"_self pt-cv-href-thumbnail pt-cv-thumb-default pt-cv-thumb-wrapper cvplbd\" target=\"_self\" ><img loading=\"lazy\" decoding=\"async\" width=\"600\" height=\"350\" src=\"https:\/\/gbarone.isialab.it\/lets_festival_2025\/wp-content\/uploads\/2025\/08\/faccianuvola-1-600x350.webp\" class=\"pt-cv-thumbnail img-rounded\" alt=\"FACCIANUVOLA\" srcset=\"https:\/\/gbarone.isialab.it\/lets_festival_2025\/wp-content\/uploads\/2025\/08\/faccianuvola-1-600x350.webp\" sizes=\"auto, (max-width: 600px) 100vw, 600px\" \/><\/a>\n<div class=\"pt-cv-carousel-caption pt-cv-cap-w-img\"><h4 class=\"pt-cv-title\"><a href=\"https:\/\/gbarone.isialab.it\/lets_festival_2025\/artista\/faccianuvola\/\" class=\"_self cvplbd\" target=\"_self\" >FACCIANUVOLA<\/a><\/h4>\n<div class=\"pt-cv-ctf-list\" data-cvc=\"1\"><div class=\"col-md-12 pt-cv-ctf-column\"><div class=\"pt-cv-custom-fields pt-cv-ctf-edizione\"><div class=\"pt-cv-ctf-value\">LET&#8217;S FESTIVAL 2025 &#8211; Sussurio di stelle<\/div><\/div><\/div><div class=\"col-md-12 pt-cv-ctf-column\"><div class=\"pt-cv-custom-fields pt-cv-ctf-data\"><div class=\"pt-cv-ctf-value\">11.07.2025<\/div><\/div><\/div><div class=\"col-md-12 pt-cv-ctf-column\"><div class=\"pt-cv-custom-fields pt-cv-ctf-ora\"><div class=\"pt-cv-ctf-value\">20:30<\/div><\/div><\/div><\/div>\n<div class=\"pt-cv-content\">Faccianuvola, nome d\u2019arte di Alessandro Feruda, \u00e8 un artista emergente &#8230;<br \/><div class=\"pt-cv-rmwrap\"><a href=\"https:\/\/gbarone.isialab.it\/lets_festival_2025\/artista\/faccianuvola\/\" class=\"_self pt-cv-readmore btn btn-success cvplbd\" target=\"_self\">SCOPRI &gt;&gt;&gt;<\/a><\/div><\/div><\/div><\/div><\/div><\/div>\n<div class=\"item\"><div class=\"row\"><div class=\"col-md-4 col-sm-6 col-xs-12 pt-cv-content-item pt-cv-1-col\"  data-pid=\"1536\"><a href=\"https:\/\/gbarone.isialab.it\/lets_festival_2025\/artista\/pop-x\/\" class=\"_self pt-cv-href-thumbnail pt-cv-thumb-default pt-cv-thumb-wrapper cvplbd\" target=\"_self\" ><img loading=\"lazy\" decoding=\"async\" width=\"600\" height=\"350\" src=\"https:\/\/gbarone.isialab.it\/lets_festival_2025\/wp-content\/uploads\/2025\/08\/pop_x-1-600x350.webp\" class=\"pt-cv-thumbnail img-rounded\" alt=\"Foto dell&#039;artista Pop X\" srcset=\"https:\/\/gbarone.isialab.it\/lets_festival_2025\/wp-content\/uploads\/2025\/08\/pop_x-1-600x350.webp\" sizes=\"auto, (max-width: 600px) 100vw, 600px\" \/><\/a>\n<div class=\"pt-cv-carousel-caption pt-cv-cap-w-img\"><h4 class=\"pt-cv-title\"><a href=\"https:\/\/gbarone.isialab.it\/lets_festival_2025\/artista\/pop-x\/\" class=\"_self cvplbd\" target=\"_self\" >POP X<\/a><\/h4>\n<div class=\"pt-cv-ctf-list\" data-cvc=\"1\"><div class=\"col-md-12 pt-cv-ctf-column\"><div class=\"pt-cv-custom-fields pt-cv-ctf-edizione\"><div class=\"pt-cv-ctf-value\">LET&#8217;S FESTIVAL 2025 &#8211; Sussurio di stelle<\/div><\/div><\/div><div class=\"col-md-12 pt-cv-ctf-column\"><div class=\"pt-cv-custom-fields pt-cv-ctf-data\"><div class=\"pt-cv-ctf-value\">11.07.2025<\/div><\/div><\/div><div class=\"col-md-12 pt-cv-ctf-column\"><div class=\"pt-cv-custom-fields pt-cv-ctf-ora\"><div class=\"pt-cv-ctf-value\">21:30<\/div><\/div><\/div><\/div>\n<div class=\"pt-cv-content\">Pop X, progetto musicale guidato da Davide Panizza, \u00e8 uno &#8230;<br \/><div class=\"pt-cv-rmwrap\"><a href=\"https:\/\/gbarone.isialab.it\/lets_festival_2025\/artista\/pop-x\/\" class=\"_self pt-cv-readmore btn btn-success cvplbd\" target=\"_self\">SCOPRI &gt;&gt;&gt;<\/a><\/div><\/div><\/div><\/div>\n<div class=\"col-md-4 col-sm-6 col-xs-12 pt-cv-content-item pt-cv-1-col\"  data-pid=\"2475\"><a href=\"https:\/\/gbarone.isialab.it\/lets_festival_2025\/artista\/not-your-miscela\/\" class=\"_self pt-cv-href-thumbnail pt-cv-thumb-default pt-cv-thumb-wrapper cvplbd\" target=\"_self\" ><img loading=\"lazy\" decoding=\"async\" width=\"600\" height=\"350\" src=\"https:\/\/gbarone.isialab.it\/lets_festival_2025\/wp-content\/uploads\/2025\/08\/not_your_miscela-1-600x350.webp\" class=\"pt-cv-thumbnail img-rounded\" alt=\"Foto dell&#039;artista Not Your Miscela\" srcset=\"https:\/\/gbarone.isialab.it\/lets_festival_2025\/wp-content\/uploads\/2025\/08\/not_your_miscela-1-600x350.webp\" sizes=\"auto, (max-width: 600px) 100vw, 600px\" \/><\/a>\n<div class=\"pt-cv-carousel-caption pt-cv-cap-w-img\"><h4 class=\"pt-cv-title\"><a href=\"https:\/\/gbarone.isialab.it\/lets_festival_2025\/artista\/not-your-miscela\/\" class=\"_self cvplbd\" target=\"_self\" >NOT YOUR MISCELA<\/a><\/h4>\n<div class=\"pt-cv-ctf-list\" data-cvc=\"1\"><div class=\"col-md-12 pt-cv-ctf-column\"><div class=\"pt-cv-custom-fields pt-cv-ctf-edizione\"><div class=\"pt-cv-ctf-value\">LET&#8217;S FESTIVAL 2025 &#8211; Sussurio di stelle<\/div><\/div><\/div><div class=\"col-md-12 pt-cv-ctf-column\"><div class=\"pt-cv-custom-fields pt-cv-ctf-data\"><div class=\"pt-cv-ctf-value\">11.07.2025<\/div><\/div><\/div><div class=\"col-md-12 pt-cv-ctf-column\"><div class=\"pt-cv-custom-fields pt-cv-ctf-ora\"><div class=\"pt-cv-ctf-value\">23:30<\/div><\/div><\/div><\/div>\n<div class=\"pt-cv-content\">Miscela \u00e8 un collettivo di DJ nato a Lucca e &#8230;<br \/><div class=\"pt-cv-rmwrap\"><a href=\"https:\/\/gbarone.isialab.it\/lets_festival_2025\/artista\/not-your-miscela\/\" class=\"_self pt-cv-readmore btn btn-success cvplbd\" target=\"_self\">SCOPRI &gt;&gt;&gt;<\/a><\/div><\/div><\/div><\/div>\n<div class=\"col-md-4 col-sm-6 col-xs-12 pt-cv-content-item pt-cv-1-col\"  data-pid=\"2532\"><a href=\"https:\/\/gbarone.isialab.it\/lets_festival_2025\/artista\/onnah\/\" class=\"_self pt-cv-href-thumbnail pt-cv-thumb-default pt-cv-thumb-wrapper cvplbd\" target=\"_self\" ><img loading=\"lazy\" decoding=\"async\" width=\"600\" height=\"350\" src=\"https:\/\/gbarone.isialab.it\/lets_festival_2025\/wp-content\/uploads\/2025\/09\/onnah-600x350.webp\" class=\"pt-cv-thumbnail img-rounded\" alt=\"Foto dell&#039;artista Onnah\" srcset=\"https:\/\/gbarone.isialab.it\/lets_festival_2025\/wp-content\/uploads\/2025\/09\/onnah-600x350.webp\" sizes=\"auto, (max-width: 600px) 100vw, 600px\" \/><\/a>\n<div class=\"pt-cv-carousel-caption pt-cv-cap-w-img\"><h4 class=\"pt-cv-title\"><a href=\"https:\/\/gbarone.isialab.it\/lets_festival_2025\/artista\/onnah\/\" class=\"_self cvplbd\" target=\"_self\" >ONNAH<\/a><\/h4>\n<div class=\"pt-cv-ctf-list\" data-cvc=\"1\"><div class=\"col-md-12 pt-cv-ctf-column\"><div class=\"pt-cv-custom-fields pt-cv-ctf-edizione\"><div class=\"pt-cv-ctf-value\">LET&#8217;S FESTIVAL 2025 &#8211; Sussurio di stelle<\/div><\/div><\/div><div class=\"col-md-12 pt-cv-ctf-column\"><div class=\"pt-cv-custom-fields pt-cv-ctf-data\"><div class=\"pt-cv-ctf-value\">12.07.2025<\/div><\/div><\/div><div class=\"col-md-12 pt-cv-ctf-column\"><div class=\"pt-cv-custom-fields pt-cv-ctf-ora\"><div class=\"pt-cv-ctf-value\">18:30<\/div><\/div><\/div><\/div>\n<div class=\"pt-cv-content\">Onnah Bugeisha \u00e8 una giovane artista emergente della scena musicale &#8230;<br \/><div class=\"pt-cv-rmwrap\"><a href=\"https:\/\/gbarone.isialab.it\/lets_festival_2025\/artista\/onnah\/\" class=\"_self pt-cv-readmore btn btn-success cvplbd\" target=\"_self\">SCOPRI &gt;&gt;&gt;<\/a><\/div><\/div><\/div><\/div><\/div><\/div>\n<div class=\"item\"><div class=\"row\"><div class=\"col-md-4 col-sm-6 col-xs-12 pt-cv-content-item pt-cv-1-col\"  data-pid=\"2838\"><a href=\"https:\/\/gbarone.isialab.it\/lets_festival_2025\/artista\/flamen\/\" class=\"_self pt-cv-href-thumbnail pt-cv-thumb-default pt-cv-thumb-wrapper cvplbd\" target=\"_self\" ><img loading=\"lazy\" decoding=\"async\" width=\"600\" height=\"350\" src=\"https:\/\/gbarone.isialab.it\/lets_festival_2025\/wp-content\/uploads\/2025\/08\/flamen-1-600x350.webp\" class=\"pt-cv-thumbnail img-rounded\" alt=\"Foto dell&#039;artista Flamen\" srcset=\"https:\/\/gbarone.isialab.it\/lets_festival_2025\/wp-content\/uploads\/2025\/08\/flamen-1-600x350.webp\" sizes=\"auto, (max-width: 600px) 100vw, 600px\" \/><\/a>\n<div class=\"pt-cv-carousel-caption pt-cv-cap-w-img\"><h4 class=\"pt-cv-title\"><a href=\"https:\/\/gbarone.isialab.it\/lets_festival_2025\/artista\/flamen\/\" class=\"_self cvplbd\" target=\"_self\" >FLAMEN<\/a><\/h4>\n<div class=\"pt-cv-ctf-list\" data-cvc=\"1\"><div class=\"col-md-12 pt-cv-ctf-column\"><div class=\"pt-cv-custom-fields pt-cv-ctf-edizione\"><div class=\"pt-cv-ctf-value\">LET&#8217;S FESTIVAL 2025 &#8211; Sussurio di stelle<\/div><\/div><\/div><div class=\"col-md-12 pt-cv-ctf-column\"><div class=\"pt-cv-custom-fields pt-cv-ctf-data\"><div class=\"pt-cv-ctf-value\">12.07.2025<\/div><\/div><\/div><div class=\"col-md-12 pt-cv-ctf-column\"><div class=\"pt-cv-custom-fields pt-cv-ctf-ora\"><div class=\"pt-cv-ctf-value\">19:30<\/div><\/div><\/div><\/div>\n<div class=\"pt-cv-content\">Flamen \u00e8 un artista emergente della nuova scena musicale italiana &#8230;<br \/><div class=\"pt-cv-rmwrap\"><a href=\"https:\/\/gbarone.isialab.it\/lets_festival_2025\/artista\/flamen\/\" class=\"_self pt-cv-readmore btn btn-success cvplbd\" target=\"_self\">SCOPRI &gt;&gt;&gt;<\/a><\/div><\/div><\/div><\/div>\n<div class=\"col-md-4 col-sm-6 col-xs-12 pt-cv-content-item pt-cv-1-col\"  data-pid=\"2844\"><a href=\"https:\/\/gbarone.isialab.it\/lets_festival_2025\/artista\/lamante\/\" class=\"_self pt-cv-href-thumbnail pt-cv-thumb-default pt-cv-thumb-wrapper cvplbd\" target=\"_self\" ><img loading=\"lazy\" decoding=\"async\" width=\"600\" height=\"350\" src=\"https:\/\/gbarone.isialab.it\/lets_festival_2025\/wp-content\/uploads\/2025\/08\/lamante_giorgia-1-600x350.webp\" class=\"pt-cv-thumbnail img-rounded\" alt=\"Foto dell&#039;artista Lamante Giorgia\" srcset=\"https:\/\/gbarone.isialab.it\/lets_festival_2025\/wp-content\/uploads\/2025\/08\/lamante_giorgia-1-600x350.webp\" sizes=\"auto, (max-width: 600px) 100vw, 600px\" \/><\/a>\n<div class=\"pt-cv-carousel-caption pt-cv-cap-w-img\"><h4 class=\"pt-cv-title\"><a href=\"https:\/\/gbarone.isialab.it\/lets_festival_2025\/artista\/lamante\/\" class=\"_self cvplbd\" target=\"_self\" >LAMANTE<\/a><\/h4>\n<div class=\"pt-cv-ctf-list\" data-cvc=\"1\"><div class=\"col-md-12 pt-cv-ctf-column\"><div class=\"pt-cv-custom-fields pt-cv-ctf-edizione\"><div class=\"pt-cv-ctf-value\">LET&#8217;S FESTIVAL 2025 &#8211; Sussurio di stelle<\/div><\/div><\/div><div class=\"col-md-12 pt-cv-ctf-column\"><div class=\"pt-cv-custom-fields pt-cv-ctf-data\"><div class=\"pt-cv-ctf-value\">12.07.2025<\/div><\/div><\/div><div class=\"col-md-12 pt-cv-ctf-column\"><div class=\"pt-cv-custom-fields pt-cv-ctf-ora\"><div class=\"pt-cv-ctf-value\">20:30<\/div><\/div><\/div><\/div>\n<div class=\"pt-cv-content\">Lamante, nome d\u2019arte di Giorgia Pietribiasi, \u00e8 una cantautrice emergente &#8230;<br \/><div class=\"pt-cv-rmwrap\"><a href=\"https:\/\/gbarone.isialab.it\/lets_festival_2025\/artista\/lamante\/\" class=\"_self pt-cv-readmore btn btn-success cvplbd\" target=\"_self\">SCOPRI &gt;&gt;&gt;<\/a><\/div><\/div><\/div><\/div>\n<div class=\"col-md-4 col-sm-6 col-xs-12 pt-cv-content-item pt-cv-1-col\"  data-pid=\"3366\"><a href=\"https:\/\/gbarone.isialab.it\/lets_festival_2025\/artista\/marco-castello\/\" class=\"_self pt-cv-href-thumbnail pt-cv-thumb-default pt-cv-thumb-wrapper cvplbd\" target=\"_self\" ><img loading=\"lazy\" decoding=\"async\" width=\"600\" height=\"350\" src=\"https:\/\/gbarone.isialab.it\/lets_festival_2025\/wp-content\/uploads\/2025\/09\/marco_castello-600x350.webp\" class=\"pt-cv-thumbnail img-rounded\" alt=\"Foto dell&#039;artista Marco Castello\" srcset=\"https:\/\/gbarone.isialab.it\/lets_festival_2025\/wp-content\/uploads\/2025\/09\/marco_castello-600x350.webp\" sizes=\"auto, (max-width: 600px) 100vw, 600px\" \/><\/a>\n<div class=\"pt-cv-carousel-caption pt-cv-cap-w-img\"><h4 class=\"pt-cv-title\"><a href=\"https:\/\/gbarone.isialab.it\/lets_festival_2025\/artista\/marco-castello\/\" class=\"_self cvplbd\" target=\"_self\" >MARCO CASTELLO<\/a><\/h4>\n<div class=\"pt-cv-ctf-list\" data-cvc=\"1\"><div class=\"col-md-12 pt-cv-ctf-column\"><div class=\"pt-cv-custom-fields pt-cv-ctf-edizione\"><div class=\"pt-cv-ctf-value\">LET&#8217;S FESTIVAL 2025 &#8211; Sussurio di stelle<\/div><\/div><\/div><div class=\"col-md-12 pt-cv-ctf-column\"><div class=\"pt-cv-custom-fields pt-cv-ctf-data\"><div class=\"pt-cv-ctf-value\">12.07.2025<\/div><\/div><\/div><div class=\"col-md-12 pt-cv-ctf-column\"><div class=\"pt-cv-custom-fields pt-cv-ctf-ora\"><div class=\"pt-cv-ctf-value\">21:30<\/div><\/div><\/div><\/div>\n<div class=\"pt-cv-content\">Marco Castello \u00e8 un artista emergente della nuova scena musicale &#8230;<br \/><div class=\"pt-cv-rmwrap\"><a href=\"https:\/\/gbarone.isialab.it\/lets_festival_2025\/artista\/marco-castello\/\" class=\"_self pt-cv-readmore btn btn-success cvplbd\" target=\"_self\">SCOPRI &gt;&gt;&gt;<\/a><\/div><\/div><\/div><\/div><\/div><\/div><\/div>\n<\/div><\/div><\/div><\/div>\t\t\t<style type=\"text\/css\" id=\"pt-cv-inline-style-0c31ff4lfe\">#pt-cv-view-6315be740k .pt-cv-content-item { padding-top: 10px !important; padding-right: 10px !important; padding-bottom: 10px !important; padding-left: 10px !important; }\n#pt-cv-view-6315be740k  { margin-right: -10px !important; margin-left: -10px !important; }\n#pt-cv-view-6315be740k .pt-cv-carousel-caption { padding-top: 30px !important; padding-right: 30px !important; padding-bottom: 30px !important; padding-left: 30px !important; }\n#pt-cv-view-6315be740k .pt-cv-content-item {padding-bottom: 0px !important; margin-bottom: 10px !important}\n#pt-cv-view-6315be740k .pt-cv-carousel-caption { left : 10px !important }\n#pt-cv-view-6315be740k .carousel-control.left { right : 45px }\n#pt-cv-view-6315be740k .pt-cv-carousel-caption { right : 10px !important }\n#pt-cv-view-6315be740k .carousel-control.right { right : 10px }\n#pt-cv-view-6315be740k .row {margin: 0 0 !important}\n#pt-cv-view-6315be740k  .pt-cv-carousel-caption   { background-color: rgba(255,255,255,0) !important; border-style: none !important; }\n#pt-cv-view-6315be740k .pt-cv-title a, #pt-cv-view-6315be740k  .panel-title { display: block !important; text-align: left !important; clear: both !important; }\n#pt-cv-view-6315be740k .pt-cv-carousel-caption  { background-color: rgba(51,51,51,0) !important; }\n#pt-cv-view-6315be740k .pt-cv-readmore  { font-size: 20px !important; line-height: 1.3 !important; color: #000000 !important; background-color: #ffffff !important; font-weight: 600 !important; border-width: 2px 2px 2px 2px !important; border-style: solid !important; border-color: #0c0c0c !important; padding: 5px 20px 5px 20px !important; border-radius: 30px 30px 30px 30px !important; }\n@media (min-width: 768px) and (max-width: 991px) {#pt-cv-view-6315be740k .pt-cv-readmore  { font-size: 15px !important }}\n@media (max-width: 767px) {#pt-cv-view-6315be740k .pt-cv-readmore  { font-size: 10px !important }}\n#pt-cv-view-6315be740k .pt-cv-readmore:hover  { font-size: 20px !important; line-height: 1.3 !important; color: #ffffff !important; background-color: #000000 !important; font-weight: 600 !important; border-width: 2px 2px 2px 2px !important; border-style: solid !important; border-color: #ffffff !important; border-radius: 30px 30px 30px 30px !important; }\n@media (min-width: 768px) and (max-width: 991px) {#pt-cv-view-6315be740k .pt-cv-readmore:hover  { font-size: 15px !important }}\n@media (max-width: 767px) {#pt-cv-view-6315be740k .pt-cv-readmore:hover  { font-size: 10px !important }}\n#pt-cv-view-6315be740k .img-rounded, #pt-cv-view-6315be740k .pt-cv-hover-wrapper { -webkit-border-radius: 25px !important; -moz-border-radius: 25px !important; border-radius: 25px !important; }\n#pt-cv-view-6315be740k .pt-cv-cap-w-img { border-bottom-left-radius: 25px !important; border-bottom-right-radius: 25px !important; }\n#pt-cv-view-6315be740k { text-align: left; }<\/style>\r\n\t\t\t<\/div>\n\n\n\n<div class=\"wp-block-uagb-buttons uagb-buttons__outer-wrap uagb-btn__default-btn uagb-btn-tablet__default-btn uagb-btn-mobile__default-btn uagb-block-3124e120\"><div class=\"uagb-buttons__wrap uagb-buttons-layout-wrap \">\n<div class=\"wp-block-uagb-buttons-child uagb-buttons__outer-wrap uagb-block-fe18889e wp-block-button\"><div class=\"uagb-button__wrapper\"><a class=\"uagb-buttons-repeater wp-block-button__link\" aria-label=\"\" href=\"https:\/\/gbarone.isialab.it\/lets_festival_2025\/line-up-2025\/\" rel=\"follow noopener\" target=\"_self\" role=\"button\"><div class=\"uagb-button__link\">SCOPRI LA LINE UP >>><\/div><\/a><\/div><\/div>\n<\/div><\/div>\n<\/div>\n\n\n\n<div class=\"wp-block-uagb-container uagb-block-daed3e75 alignfull uagb-is-root-container\">\n<div class=\"wp-block-uagb-container uagb-block-338fb367\">\n<\/div>\n\n\n\n<div class=\"wp-block-getwid-advanced-heading\"><h2 class=\"wp-block-getwid-advanced-heading__content\" style=\"text-align:center;font-family:&quot;Poppins&quot;;font-weight:700;padding-top:100px\">EVENTI LET&#8217;S<\/h2><\/div>\n\n\n\n<div class=\"wp-block-uagb-container uagb-block-1d2822de alignfull uagb-is-root-container\"><div class=\"pt-cv-wrapper\"><div class=\"pt-cv-view pt-cv-overlaygrid iscvblock iscvhybrid pt-cv-clickable overlay1 layout1 cveffect-darken cardeventi\" id=\"pt-cv-view-27622efdjp\"><div data-id=\"pt-cv-page-1\" class=\"pt-cv-page cv-npf\" data-cvc=\"2\"><div class=\" pt-cv-content-item pt-cv-1-col\"  data-pid=\"0\"><div class=\"pt-cv-no-post\">Nessun evento al momento!<\/div><\/div><\/div><\/div><\/div>\t\t\t<style type=\"text\/css\" id=\"pt-cv-inline-style-5f1dd8b8fs\">#pt-cv-view-27622efdjp .pt-cv-thumb-wrapper::before {background: rgba(0,0,0,.4); opacity: 0.8;}#pt-cv-view-27622efdjp .pt-cv-overlay-wrapper {justify-content: flex-end;}\n#pt-cv-view-27622efdjp > .pt-cv-page {grid-template-columns: repeat(2, 1fr);grid-auto-rows: 450px;grid-gap: 15px;}\n@media all and (max-width: 1024px) { \n#pt-cv-view-27622efdjp > .pt-cv-page {grid-template-columns: repeat(2, 1fr);}\n} \n@media all and (max-width: 767px) { \n#pt-cv-view-27622efdjp > .pt-cv-page {grid-template-columns: repeat(1, 1fr);}\n} <\/style>\r\n\t\t\t\t\t\t<style type=\"text\/css\" id=\"pt-cv-inline-style-5da5384g97\">#pt-cv-view-27622efdjp  { margin-top: 15px !important; margin-right: 15px !important; margin-bottom: 15px !important; margin-left: 15px !important; }\n#pt-cv-view-27622efdjp .pt-cv-overlay-wrapper { padding-top: 30px !important; padding-right: 30px !important; padding-bottom: 30px !important; padding-left: 30px !important; }\n#pt-cv-view-27622efdjp  .pt-cv-content-item   { border-radius: 25px 25px 25px 25px !important; }\n #pt-cv-view-27622efdjp[class*='cveffect'] .pt-cv-thumb-wrapper, #pt-cv-view-27622efdjp:not([class*='cveffect']) .pt-cv-thumbnail, #pt-cv-view-27622efdjp  .cvp-responsive-image[style*=background-image] { border-radius: 25px 25px 25px 25px }\n#pt-cv-view-27622efdjp .pt-cv-taxoterm * { color: #f5f1af !important; font-weight: 600 !important; text-transform: uppercase !important; display: block !important; text-align: left !important; clear: both !important; }\n#pt-cv-view-27622efdjp .pt-cv-title a, #pt-cv-view-27622efdjp  .panel-title { color: #f5f1af !important; font-weight: 600 !important; text-transform: uppercase !important; display: block !important; text-align: left !important; clear: both !important; margin: 0px 0px 0px 0px !important; }\n#pt-cv-view-27622efdjp .pt-cv-custom-fields * { color: #f5f1af !important; line-height: -10 !important; }\n#pt-cv-view-27622efdjp .pt-cv-readmore  { font-size: 20px !important; line-height: 1.3 !important; color: #000000 !important; background-color: #ffffff !important; font-weight: 600 !important; border-width: 2px 2px 2px 2px !important; border-style: solid !important; border-color: #000000 !important; margin: 15px 0px 0px 0px !important; padding: 5px 20px 5px 20px !important; border-radius: 50px 50px 50px 50px !important; }\n@media (min-width: 768px) and (max-width: 991px) {#pt-cv-view-27622efdjp .pt-cv-readmore  { font-size: 16px !important }}\n@media (max-width: 767px) {#pt-cv-view-27622efdjp .pt-cv-readmore  { font-size: 12px !important }}\n#pt-cv-view-27622efdjp .pt-cv-readmore:hover  { font-size: 20px !important; line-height: 1.3 !important; color: #ffffff !important; background-color: #000000 !important; font-weight: 600 !important; border-width: 2px 2px 2px 2px !important; border-style: solid !important; border-color: #ffffff !important; }\n@media (min-width: 768px) and (max-width: 991px) {#pt-cv-view-27622efdjp .pt-cv-readmore:hover  { font-size: 16px !important }}\n@media (max-width: 767px) {#pt-cv-view-27622efdjp .pt-cv-readmore:hover  { font-size: 12px !important }}\n#pt-cv-view-27622efdjp .img-rounded, #pt-cv-view-27622efdjp .pt-cv-hover-wrapper { -webkit-border-radius: 25px !important; -moz-border-radius: 25px !important; border-radius: 25px !important; }\n#pt-cv-view-27622efdjp .pt-cv-cap-w-img { border-bottom-left-radius: 25px !important; border-bottom-right-radius: 25px !important; }<\/style>\r\n\t\t\t<\/div>\n\n\n\n<div class=\"wp-block-uagb-buttons uagb-buttons__outer-wrap uagb-btn__default-btn uagb-btn-tablet__default-btn uagb-btn-mobile__default-btn uagb-block-4bb3a552\"><div class=\"uagb-buttons__wrap uagb-buttons-layout-wrap \">\n<div class=\"wp-block-uagb-buttons-child uagb-buttons__outer-wrap uagb-block-bb8abfc2 wp-block-button\"><div class=\"uagb-button__wrapper\"><a class=\"uagb-buttons-repeater wp-block-button__link\" aria-label=\"\" href=\"https:\/\/gbarone.isialab.it\/lets_festival_2025\/eventi-lets\/\" rel=\"follow noopener\" target=\"_self\" role=\"button\"><div class=\"uagb-button__link\">TUTTI GLI EVENTI >>><\/div><\/a><\/div><\/div>\n<\/div><\/div>\n<\/div>\n\n\n\n<div class=\"wp-block-uagb-container uagb-block-cca8db0e alignfull uagb-is-root-container\"><div class=\"uagb-container-inner-blocks-wrap\">\n<div class=\"wp-block-getwid-advanced-heading\" style=\"margin-top:0px\"><h2 class=\"wp-block-getwid-advanced-heading__content\" style=\"text-align:center\">SOSTIENI IL FESTIVAL!<\/h2><\/div>\n\n\n\n<div class=\"wp-block-getwid-advanced-heading\"><h5 class=\"wp-block-getwid-advanced-heading__content\" style=\"text-align:center;margin-left:10px;margin-right:10px\">Let\u2019s \u00e8 pi\u00f9 di un festival: \u00e8 uno spazio che cresce grazie a chi lo vive. Se credi nella musica indipendente, nei posti che resistono, nei palchi che fanno rumore anche quando nessuno li guarda\u2026 allora sostenerci \u00e8 un atto d\u2019amore. Ogni contributo \u00e8 un passo in pi\u00f9 verso un festival libero, accessibile, necessario.<br><br><strong>Facciamolo insieme. Let\u2019s.\u2028<\/strong><\/h5><\/div>\n\n\n\n<div class=\"wp-block-getwid-advanced-spacer\" style=\"height:5px\" aria-hidden=\"true\"><\/div>\n\n\n\n<div class=\"wp-block-uagb-buttons uagb-buttons__outer-wrap uagb-btn__default-btn uagb-btn-tablet__default-btn uagb-btn-mobile__default-btn uagb-block-783f5af1\"><div class=\"uagb-buttons__wrap uagb-buttons-layout-wrap \">\n<div class=\"wp-block-uagb-buttons-child uagb-buttons__outer-wrap uagb-block-c4bdf655 wp-block-button\"><div class=\"uagb-button__wrapper\"><a class=\"uagb-buttons-repeater wp-block-button__link\" aria-label=\"\" href=\"https:\/\/forms.gle\/8pqF57eUzDjwUnr19\" rel=\"follow noopener\" target=\"_self\" role=\"button\"><div class=\"uagb-button__link\">SOSTIENICI >>><\/div><\/a><\/div><\/div>\n<\/div><\/div>\n<\/div><\/div>\n\n\n\n<div class=\"wp-block-uagb-container uagb-block-fe1905ff alignfull uagb-is-root-container\"><div class=\"uagb-container-inner-blocks-wrap\">\n<div class=\"wp-block-getwid-advanced-heading\" style=\"margin-top:0px\"><h2 class=\"wp-block-getwid-advanced-heading__content has-text-color\" style=\"text-align:center;color:#f5f1af\">UNISCITI AL FESTIVAL 2025!<\/h2><\/div>\n\n\n\n<div class=\"wp-block-getwid-advanced-heading\"><h5 class=\"wp-block-getwid-advanced-heading__content has-text-color has-white-color\" style=\"text-align:center;margin-left:10px;margin-right:10px\">Let\u2019s non accade da solo.\u2028 Dietro ogni live, ogni luce, ogni porta aperta c\u2019\u00e8 un gruppo che ci crede davvero. Se vuoi stare dall\u2019altra parte \u2014 quella che rende possibile tutto \u2014 unisciti a noi. Cerchiamo persone curiose, presenti, con voglia di fare (e di ascoltare). Entra nel cuore del festival, vivi Let\u2019s da dentro.\u2028<br><br><strong>Let\u2019s is calling.<\/strong><\/h5><\/div>\n\n\n\n<div class=\"wp-block-getwid-advanced-spacer\" style=\"height:5px\" aria-hidden=\"true\"><\/div>\n\n\n\n<div class=\"wp-block-uagb-buttons uagb-buttons__outer-wrap uagb-btn__default-btn uagb-btn-tablet__default-btn uagb-btn-mobile__default-btn uagb-block-53826505\"><div class=\"uagb-buttons__wrap uagb-buttons-layout-wrap \">\n<div class=\"wp-block-uagb-buttons-child uagb-buttons__outer-wrap uagb-block-af33156d wp-block-button\"><div class=\"uagb-button__wrapper\"><a class=\"uagb-buttons-repeater wp-block-button__link\" aria-label=\"\" href=\"https:\/\/docs.google.com\/forms\/d\/1yFM5JMDTw7adRfDUGjdFUt5ae2HJQgpoKSB_qXQzMr8\/viewform?edit_requested=true\" rel=\"follow noopener\" target=\"_blank\" role=\"button\"><div class=\"uagb-button__link\">COMPILA IL FORM >>><\/div><\/a><\/div><\/div>\n<\/div><\/div>\n<\/div><\/div>\n","protected":false},"excerpt":{"rendered":"","protected":false},"author":1,"featured_media":0,"parent":0,"menu_order":0,"comment_status":"closed","ping_status":"closed","template":"","meta":{"_acf_changed":false,"inline_featured_image":false,"_uag_custom_page_level_css":"","site-sidebar-layout":"default","site-content-layout":"","ast-site-content-layout":"default","site-content-style":"default","site-sidebar-style":"default","ast-global-header-display":"","ast-banner-title-visibility":"","ast-main-header-display":"","ast-hfb-above-header-display":"","ast-hfb-below-header-display":"","ast-hfb-mobile-header-display":"","site-post-title":"disabled","ast-breadcrumbs-content":"","ast-featured-img":"","footer-sml-layout":"","theme-transparent-header-meta":"disabled","adv-header-id-meta":"","stick-header-meta":"","header-above-stick-meta":"","header-main-stick-meta":"","header-below-stick-meta":"","astra-migrate-meta-layouts":"default","ast-page-background-enabled":"default","ast-page-background-meta":{"desktop":{"background-color":"var(--ast-global-color-4)","background-image":"","background-repeat":"repeat","background-position":"center center","background-size":"auto","background-attachment":"scroll","background-type":"","background-media":"","overlay-type":"","overlay-color":"","overlay-opacity":"","overlay-gradient":""},"tablet":{"background-color":"","background-image":"","background-repeat":"repeat","background-position":"center center","background-size":"auto","background-attachment":"scroll","background-type":"","background-media":"","overlay-type":"","overlay-color":"","overlay-opacity":"","overlay-gradient":""},"mobile":{"background-color":"","background-image":"","background-repeat":"repeat","background-position":"center center","background-size":"auto","background-attachment":"scroll","background-type":"","background-media":"","overlay-type":"","overlay-color":"","overlay-opacity":"","overlay-gradient":""}},"ast-content-background-meta":{"desktop":{"background-color":"var(--ast-global-color-5)","background-image":"","background-repeat":"repeat","background-position":"center center","background-size":"auto","background-attachment":"scroll","background-type":"","background-media":"","overlay-type":"","overlay-color":"","overlay-opacity":"","overlay-gradient":""},"tablet":{"background-color":"var(--ast-global-color-5)","background-image":"","background-repeat":"repeat","background-position":"center center","background-size":"auto","background-attachment":"scroll","background-type":"","background-media":"","overlay-type":"","overlay-color":"","overlay-opacity":"","overlay-gradient":""},"mobile":{"background-color":"var(--ast-global-color-5)","background-image":"","background-repeat":"repeat","background-position":"center center","background-size":"auto","background-attachment":"scroll","background-type":"","background-media":"","overlay-type":"","overlay-color":"","overlay-opacity":"","overlay-gradient":""}},"pgc_sgb_lightbox_settings":"","footnotes":""},"class_list":["post-9","page","type-page","status-publish","hentry"],"acf":[],"yoast_head":"<!-- This site is optimized with the Yoast SEO plugin v27.4 - https:\/\/yoast.com\/product\/yoast-seo-wordpress\/ -->\n<title>LET&#039;S Festival 2025 - Musica indipendente a Pisa - LET&#039;S Festival<\/title>\n<meta name=\"description\" content=\"Let&#039;s Festival 2025 \u00e8 un evento nel cuore della provincia di Pisa di promozione della musica e dell&#039;arte indipendente.\" \/>\n<meta name=\"robots\" content=\"index, follow, max-snippet:-1, max-image-preview:large, max-video-preview:-1\" \/>\n<link rel=\"canonical\" href=\"https:\/\/gbarone.isialab.it\/lets_festival_2025\/\" \/>\n<meta property=\"og:locale\" content=\"it_IT\" \/>\n<meta property=\"og:type\" content=\"article\" \/>\n<meta property=\"og:title\" content=\"LET&#039;S Festival 2025 - Musica indipendente a Pisa - LET&#039;S Festival\" \/>\n<meta property=\"og:description\" content=\"Let&#039;s Festival 2025 \u00e8 un evento nel cuore della provincia di Pisa di promozione della musica e dell&#039;arte indipendente.\" \/>\n<meta property=\"og:url\" content=\"https:\/\/gbarone.isialab.it\/lets_festival_2025\/\" \/>\n<meta property=\"article:modified_time\" content=\"2025-09-18T15:07:13+00:00\" \/>\n<meta name=\"twitter:card\" content=\"summary_large_image\" \/>\n<meta name=\"twitter:label1\" content=\"Tempo di lettura stimato\" \/>\n\t<meta name=\"twitter:data1\" content=\"2 minuti\" \/>\n<script type=\"application\/ld+json\" class=\"yoast-schema-graph\">{\"@context\":\"https:\\\/\\\/schema.org\",\"@graph\":[{\"@type\":\"WebPage\",\"@id\":\"https:\\\/\\\/gbarone.isialab.it\\\/lets_festival_2025\\\/\",\"url\":\"https:\\\/\\\/gbarone.isialab.it\\\/lets_festival_2025\\\/\",\"name\":\"LET'S Festival 2025 - Musica indipendente a Pisa - LET'S Festival\",\"isPartOf\":{\"@id\":\"https:\\\/\\\/gbarone.isialab.it\\\/lets_festival_2025\\\/#website\"},\"datePublished\":\"2025-08-07T17:18:32+00:00\",\"dateModified\":\"2025-09-18T15:07:13+00:00\",\"description\":\"Let's Festival 2025 \u00e8 un evento nel cuore della provincia di Pisa di promozione della musica e dell'arte indipendente.\",\"breadcrumb\":{\"@id\":\"https:\\\/\\\/gbarone.isialab.it\\\/lets_festival_2025\\\/#breadcrumb\"},\"inLanguage\":\"it-IT\",\"potentialAction\":[{\"@type\":\"ReadAction\",\"target\":[\"https:\\\/\\\/gbarone.isialab.it\\\/lets_festival_2025\\\/\"]}]},{\"@type\":\"BreadcrumbList\",\"@id\":\"https:\\\/\\\/gbarone.isialab.it\\\/lets_festival_2025\\\/#breadcrumb\",\"itemListElement\":[{\"@type\":\"ListItem\",\"position\":1,\"name\":\"Home\",\"item\":\"https:\\\/\\\/gbarone.isialab.it\\\/lets_festival_2025\\\/\"},{\"@type\":\"ListItem\",\"position\":2,\"name\":\"HOME\"}]},{\"@type\":\"WebSite\",\"@id\":\"https:\\\/\\\/gbarone.isialab.it\\\/lets_festival_2025\\\/#website\",\"url\":\"https:\\\/\\\/gbarone.isialab.it\\\/lets_festival_2025\\\/\",\"name\":\"\",\"description\":\"\",\"potentialAction\":[{\"@type\":\"SearchAction\",\"target\":{\"@type\":\"EntryPoint\",\"urlTemplate\":\"https:\\\/\\\/gbarone.isialab.it\\\/lets_festival_2025\\\/?s={search_term_string}\"},\"query-input\":{\"@type\":\"PropertyValueSpecification\",\"valueRequired\":true,\"valueName\":\"search_term_string\"}}],\"inLanguage\":\"it-IT\"}]}<\/script>\n<!-- \/ Yoast SEO plugin. -->","yoast_head_json":{"title":"LET'S Festival 2025 - Musica indipendente a Pisa - LET'S Festival","description":"Let's Festival 2025 \u00e8 un evento nel cuore della provincia di Pisa di promozione della musica e dell'arte indipendente.","robots":{"index":"index","follow":"follow","max-snippet":"max-snippet:-1","max-image-preview":"max-image-preview:large","max-video-preview":"max-video-preview:-1"},"canonical":"https:\/\/gbarone.isialab.it\/lets_festival_2025\/","og_locale":"it_IT","og_type":"article","og_title":"LET'S Festival 2025 - Musica indipendente a Pisa - LET'S Festival","og_description":"Let's Festival 2025 \u00e8 un evento nel cuore della provincia di Pisa di promozione della musica e dell'arte indipendente.","og_url":"https:\/\/gbarone.isialab.it\/lets_festival_2025\/","article_modified_time":"2025-09-18T15:07:13+00:00","twitter_card":"summary_large_image","twitter_misc":{"Tempo di lettura stimato":"2 minuti"},"schema":{"@context":"https:\/\/schema.org","@graph":[{"@type":"WebPage","@id":"https:\/\/gbarone.isialab.it\/lets_festival_2025\/","url":"https:\/\/gbarone.isialab.it\/lets_festival_2025\/","name":"LET'S Festival 2025 - Musica indipendente a Pisa - LET'S Festival","isPartOf":{"@id":"https:\/\/gbarone.isialab.it\/lets_festival_2025\/#website"},"datePublished":"2025-08-07T17:18:32+00:00","dateModified":"2025-09-18T15:07:13+00:00","description":"Let's Festival 2025 \u00e8 un evento nel cuore della provincia di Pisa di promozione della musica e dell'arte indipendente.","breadcrumb":{"@id":"https:\/\/gbarone.isialab.it\/lets_festival_2025\/#breadcrumb"},"inLanguage":"it-IT","potentialAction":[{"@type":"ReadAction","target":["https:\/\/gbarone.isialab.it\/lets_festival_2025\/"]}]},{"@type":"BreadcrumbList","@id":"https:\/\/gbarone.isialab.it\/lets_festival_2025\/#breadcrumb","itemListElement":[{"@type":"ListItem","position":1,"name":"Home","item":"https:\/\/gbarone.isialab.it\/lets_festival_2025\/"},{"@type":"ListItem","position":2,"name":"HOME"}]},{"@type":"WebSite","@id":"https:\/\/gbarone.isialab.it\/lets_festival_2025\/#website","url":"https:\/\/gbarone.isialab.it\/lets_festival_2025\/","name":"","description":"","potentialAction":[{"@type":"SearchAction","target":{"@type":"EntryPoint","urlTemplate":"https:\/\/gbarone.isialab.it\/lets_festival_2025\/?s={search_term_string}"},"query-input":{"@type":"PropertyValueSpecification","valueRequired":true,"valueName":"search_term_string"}}],"inLanguage":"it-IT"}]}},"uagb_featured_image_src":{"full":false,"thumbnail":false,"medium":false,"medium_large":false,"large":false,"1536x1536":false,"2048x2048":false},"uagb_author_info":{"display_name":"admin","author_link":"https:\/\/gbarone.isialab.it\/lets_festival_2025\/author\/admin\/"},"uagb_comment_info":0,"uagb_excerpt":null,"_links":{"self":[{"href":"https:\/\/gbarone.isialab.it\/lets_festival_2025\/wp-json\/wp\/v2\/pages\/9","targetHints":{"allow":["GET"]}}],"collection":[{"href":"https:\/\/gbarone.isialab.it\/lets_festival_2025\/wp-json\/wp\/v2\/pages"}],"about":[{"href":"https:\/\/gbarone.isialab.it\/lets_festival_2025\/wp-json\/wp\/v2\/types\/page"}],"author":[{"embeddable":true,"href":"https:\/\/gbarone.isialab.it\/lets_festival_2025\/wp-json\/wp\/v2\/users\/1"}],"replies":[{"embeddable":true,"href":"https:\/\/gbarone.isialab.it\/lets_festival_2025\/wp-json\/wp\/v2\/comments?post=9"}],"version-history":[{"count":384,"href":"https:\/\/gbarone.isialab.it\/lets_festival_2025\/wp-json\/wp\/v2\/pages\/9\/revisions"}],"predecessor-version":[{"id":5998,"href":"https:\/\/gbarone.isialab.it\/lets_festival_2025\/wp-json\/wp\/v2\/pages\/9\/revisions\/5998"}],"wp:attachment":[{"href":"https:\/\/gbarone.isialab.it\/lets_festival_2025\/wp-json\/wp\/v2\/media?parent=9"}],"curies":[{"name":"wp","href":"https:\/\/api.w.org\/{rel}","templated":true}]}}