{"id":22,"date":"2025-08-13T18:10:26","date_gmt":"2025-08-13T16:10:26","guid":{"rendered":"https:\/\/gbarone.isialab.it\/lets_festival_2025\/?page_id=22"},"modified":"2025-09-19T10:07:25","modified_gmt":"2025-09-19T08:07:25","slug":"lets-festival-ilfestival","status":"publish","type":"page","link":"https:\/\/gbarone.isialab.it\/lets_festival_2025\/lets-festival-ilfestival\/","title":{"rendered":"IL FESTIVAL"},"content":{"rendered":"\n<div class=\"wp-block-uagb-container uagb-block-65ed0bc4 alignfull uagb-is-root-container\"><\/div>\n\n\n\n<div class=\"wp-block-uagb-container uagb-block-8a80b26e alignfull uagb-is-root-container\">\n<figure class=\"wp-block-image alignfull size-large\"><img loading=\"lazy\" decoding=\"async\" width=\"1024\" height=\"30\" src=\"https:\/\/gbarone.isialab.it\/lets_festival_2025\/wp-content\/uploads\/2025\/09\/pallini_cornice-1024x30.webp\" alt=\"\" class=\"wp-image-4273\" srcset=\"https:\/\/gbarone.isialab.it\/lets_festival_2025\/wp-content\/uploads\/2025\/09\/pallini_cornice-1024x30.webp 1024w, https:\/\/gbarone.isialab.it\/lets_festival_2025\/wp-content\/uploads\/2025\/09\/pallini_cornice-300x9.webp 300w, https:\/\/gbarone.isialab.it\/lets_festival_2025\/wp-content\/uploads\/2025\/09\/pallini_cornice-768x22.webp 768w, https:\/\/gbarone.isialab.it\/lets_festival_2025\/wp-content\/uploads\/2025\/09\/pallini_cornice-1536x44.webp 1536w, https:\/\/gbarone.isialab.it\/lets_festival_2025\/wp-content\/uploads\/2025\/09\/pallini_cornice.webp 1902w\" sizes=\"auto, (max-width: 1024px) 100vw, 1024px\" \/><\/figure>\n<\/div>\n\n\n\n<div class=\"wp-block-uagb-container uagb-block-cb40f9f6 alignfull uagb-is-root-container\"><div class=\"uagb-container-inner-blocks-wrap\">\n<div class=\"wp-block-getwid-advanced-heading\" style=\"margin-bottom:-10px\"><h2 class=\"wp-block-getwid-advanced-heading__content\" style=\"font-weight:700;padding-left:10px;padding-right:10px;margin-left:0px;margin-right:0px\">LET\u2019S: il nostro modo di dire \u201cfacciamolo!\u201d<\/h2><\/div>\n<\/div><\/div>\n\n\n\n<div class=\"wp-block-uagb-container uagb-block-bd37c31c alignfull uagb-is-root-container\"><div class=\"uagb-container-inner-blocks-wrap\">\n<p>LET\u2019S Festival nasce dal desiderio di cambiare le cose. Di portare luce dove spesso c&#8217;\u00e8 solo silenzio, cultura dove si dice che &#8220;non succede mai nulla&#8221;.<br><br>Abbiamo immaginato un festival che fosse molto pi\u00f9 di musica: un\u2019occasione di incontro, espressione e comunit\u00e0. Vogliamo dare voce alle nuove generazioni, far vivere i borghi di provincia e dimostrare che anche qui possono nascere sogni, arte e visioni. I valori che ci muovono sono la partecipazione, la condivisione, la libert\u00e0 espressiva, l\u2019inclusivit\u00e0 e la sostenibilit\u00e0.<br><br>LET\u2019S \u00e8 il nostro invito a non aspettare, ma a creare. Insieme.<\/p>\n<\/div><\/div>\n\n\n\n<div class=\"wp-block-uagb-container uagb-block-f5c18dc1 alignfull uagb-is-root-container\">\n<figure class=\"wp-block-image alignfull size-large\"><img loading=\"lazy\" decoding=\"async\" width=\"1024\" height=\"30\" src=\"https:\/\/gbarone.isialab.it\/lets_festival_2025\/wp-content\/uploads\/2025\/09\/pallini_cornice-1024x30.webp\" alt=\"\" class=\"wp-image-4273\" srcset=\"https:\/\/gbarone.isialab.it\/lets_festival_2025\/wp-content\/uploads\/2025\/09\/pallini_cornice-1024x30.webp 1024w, https:\/\/gbarone.isialab.it\/lets_festival_2025\/wp-content\/uploads\/2025\/09\/pallini_cornice-300x9.webp 300w, https:\/\/gbarone.isialab.it\/lets_festival_2025\/wp-content\/uploads\/2025\/09\/pallini_cornice-768x22.webp 768w, https:\/\/gbarone.isialab.it\/lets_festival_2025\/wp-content\/uploads\/2025\/09\/pallini_cornice-1536x44.webp 1536w, https:\/\/gbarone.isialab.it\/lets_festival_2025\/wp-content\/uploads\/2025\/09\/pallini_cornice.webp 1902w\" sizes=\"auto, (max-width: 1024px) 100vw, 1024px\" \/><\/figure>\n<\/div>\n\n\n\n<div class=\"wp-block-uagb-container uagb-block-052908ee alignfull uagb-is-root-container\"><div class=\"uagb-container-inner-blocks-wrap\">\n<div class=\"wp-block-uagb-container uagb-block-b2f69731\">\n<div class=\"wp-block-getwid-advanced-heading\"><h2 class=\"wp-block-getwid-advanced-heading__content\" style=\"font-weight:700\">Siamo testard* e innamorat* delle idee<\/h2><\/div>\n<\/div>\n\n\n\n<div class=\"wp-block-uagb-container uagb-block-9c7fbcfe\">\n<div class=\"wp-block-getwid-advanced-heading\"><h4 class=\"wp-block-getwid-advanced-heading__content\"><strong>Siamo partiti nel 2018, un gruppo di ragazzi e ragazze under25, pieni di voglia di fare. Oggi siamo un team di una decina di persone tra i 20 e i 30 anni, con competenze diverse e una visione comune.<\/strong><\/h4><\/div>\n\n\n\n<p>Organizziamo il festival come Associazione ASS.EDIATI, e da anni collaboriamo con chi ci ha ispirato: l\u2019Associazione Musicastrada, che ci ha insegnato tanto. Ognuno di noi mette qualcosa di unico: idee, grafiche, parole, gestione, cura. \u00c8 cos\u00ec che il LET\u2019S Festival prende forma ogni anno: da un mix di entusiasmo, lavoro e visione condivisa.<\/p>\n<\/div>\n<\/div><\/div>\n\n\n\n<div class=\"wp-block-uagb-container uagb-block-97e1889f alignfull uagb-is-root-container\"><\/div>\n\n\n\n<div class=\"wp-block-uagb-container uagb-block-4da31c05 alignfull uagb-is-root-container\"><div class=\"uagb-container-inner-blocks-wrap\">\n<figure class=\"wp-block-image size-large is-resized\"><img loading=\"lazy\" decoding=\"async\" width=\"1024\" height=\"582\" src=\"https:\/\/gbarone.isialab.it\/lets_festival_2025\/wp-content\/uploads\/2025\/08\/Risorsa-2-100-1024x582.jpg\" alt=\"\" class=\"wp-image-625\" style=\"width:1200px;height:auto\" srcset=\"https:\/\/gbarone.isialab.it\/lets_festival_2025\/wp-content\/uploads\/2025\/08\/Risorsa-2-100-1024x582.jpg 1024w, https:\/\/gbarone.isialab.it\/lets_festival_2025\/wp-content\/uploads\/2025\/08\/Risorsa-2-100-300x170.jpg 300w, https:\/\/gbarone.isialab.it\/lets_festival_2025\/wp-content\/uploads\/2025\/08\/Risorsa-2-100-768x436.jpg 768w, https:\/\/gbarone.isialab.it\/lets_festival_2025\/wp-content\/uploads\/2025\/08\/Risorsa-2-100.jpg 1197w\" sizes=\"auto, (max-width: 1024px) 100vw, 1024px\" \/><\/figure>\n<\/div><\/div>\n\n\n\n<div class=\"wp-block-uagb-container uagb-block-411564ce alignfull uagb-is-root-container\"><\/div>\n\n\n\n<div class=\"wp-block-uagb-container uagb-block-cb1ac10d alignfull uagb-is-root-container\"><div class=\"uagb-container-inner-blocks-wrap\">\n<div class=\"wp-block-uagb-container uagb-block-843e5fe8\">\n<div class=\"wp-block-getwid-advanced-heading\"><h2 class=\"wp-block-getwid-advanced-heading__content\" style=\"font-weight:700\">Il cuore del LET&#8217;S festival batte grazie a chi lo vive<\/h2><\/div>\n<\/div>\n\n\n\n<div class=\"wp-block-uagb-container uagb-block-75dda8ff\">\n<div class=\"wp-block-getwid-advanced-heading\"><h4 class=\"wp-block-getwid-advanced-heading__content\"><strong>LET\u2019S non \u00e8 solo nostro. \u00c8 di chi ci crede e di chi ci mette le mani, gli occhi, l\u2019anima. I volontari che ci aiutano, le persone che partecipano, chi torna ogni anno e chi arriva per la prima volta: sono loro a rendere tutto possibile.<\/strong><\/h4><\/div>\n\n\n\n<p>Giovan* del territorio, curios*, appassionat*, artist* e pubblico si intrecciano in un\u2019unica energia che trasforma Castelfranco in qualcosa di speciale. LET\u2019S \u00e8 comunit\u00e0 in movimento, un festival che si costruisce dal basso e si alimenta di sguardi, incontri e voglia di esserci.<\/p>\n<\/div>\n<\/div><\/div>\n\n\n\n<div class=\"wp-block-uagb-container uagb-block-93100e29 alignfull uagb-is-root-container\"><div class=\"uagb-container-inner-blocks-wrap\">\n<figure class=\"wp-block-image size-large is-resized has-custom-border\"><img loading=\"lazy\" decoding=\"async\" width=\"1024\" height=\"681\" src=\"https:\/\/gbarone.isialab.it\/lets_festival_2025\/wp-content\/uploads\/2025\/08\/793-LetsFestival_2024-1024x681.jpg\" alt=\"\" class=\"wp-image-636\" style=\"border-radius:25px;width:1219px;height:auto\" srcset=\"https:\/\/gbarone.isialab.it\/lets_festival_2025\/wp-content\/uploads\/2025\/08\/793-LetsFestival_2024-1024x681.jpg 1024w, https:\/\/gbarone.isialab.it\/lets_festival_2025\/wp-content\/uploads\/2025\/08\/793-LetsFestival_2024-300x200.jpg 300w, https:\/\/gbarone.isialab.it\/lets_festival_2025\/wp-content\/uploads\/2025\/08\/793-LetsFestival_2024-768x511.jpg 768w, https:\/\/gbarone.isialab.it\/lets_festival_2025\/wp-content\/uploads\/2025\/08\/793-LetsFestival_2024-1536x1022.jpg 1536w, https:\/\/gbarone.isialab.it\/lets_festival_2025\/wp-content\/uploads\/2025\/08\/793-LetsFestival_2024-2048x1363.jpg 2048w\" sizes=\"auto, (max-width: 1024px) 100vw, 1024px\" \/><\/figure>\n<\/div><\/div>\n\n\n\n<div class=\"wp-block-uagb-container uagb-block-707ced90 alignfull uagb-is-root-container\"><div class=\"uagb-container-inner-blocks-wrap\">\n<div class=\"wp-block-getwid-advanced-heading\"><h2 class=\"wp-block-getwid-advanced-heading__content\" style=\"text-align:center\">SOSTIENI IL FESTIVAL<\/h2><\/div>\n\n\n\n<div class=\"wp-block-getwid-advanced-heading\"><h5 class=\"wp-block-getwid-advanced-heading__content\" style=\"text-align:center;margin-left:10px;margin-right:10px\">Let\u2019s \u00e8 pi\u00f9 di un festival: \u00e8 uno spazio che cresce grazie a chi lo vive. Se credi nella musica indipendente, nei posti che resistono, nei palchi che fanno rumore anche quando nessuno li guarda\u2026 allora sostenerci \u00e8 un atto d\u2019amore.Ogni contributo \u00e8 un passo in pi\u00f9 verso un festival libero, accessibile, necessario.<br><br><strong>Facciamolo insieme. Let\u2019s.<\/strong><\/h5><\/div>\n\n\n\n<div class=\"wp-block-getwid-advanced-spacer\" style=\"height:5px\" aria-hidden=\"true\"><\/div>\n\n\n\n<div class=\"wp-block-uagb-buttons uagb-buttons__outer-wrap uagb-btn__default-btn uagb-btn-tablet__-btn uagb-btn-mobile__-btn uagb-block-4eab6133 uagb-btn__22-btn\"><div class=\"uagb-buttons__wrap uagb-buttons-layout-wrap \">\n<div class=\"wp-block-uagb-buttons-child uagb-buttons__outer-wrap uagb-block-77a1acdf wp-block-button\"><div class=\"uagb-button__wrapper\"><a class=\"uagb-buttons-repeater wp-block-button__link\" aria-label=\"\" href=\"https:\/\/forms.gle\/RK9KrNduHguNNX1F7\" rel=\"follow noopener\" target=\"_self\" role=\"button\"><div class=\"uagb-button__link\">SOSTIENICI >>><\/div><\/a><\/div><\/div>\n<\/div><\/div>\n<\/div><\/div>\n","protected":false},"excerpt":{"rendered":"<p>LET\u2019S Festival nasce dal desiderio di cambiare le cose. Di portare luce dove spesso c&#8217;\u00e8 solo silenzio, cultura dove si dice che &#8220;non succede mai nulla&#8221;. Abbiamo immaginato un festival che fosse molto pi\u00f9 di musica: un\u2019occasione di incontro, espressione e comunit\u00e0. Vogliamo dare voce alle nuove generazioni, far vivere i borghi di provincia e [&hellip;]<\/p>\n","protected":false},"author":1,"featured_media":0,"parent":0,"menu_order":0,"comment_status":"closed","ping_status":"closed","template":"","meta":{"_acf_changed":false,"inline_featured_image":false,"_uag_custom_page_level_css":"","site-sidebar-layout":"default","site-content-layout":"","ast-site-content-layout":"default","site-content-style":"default","site-sidebar-style":"default","ast-global-header-display":"","ast-banner-title-visibility":"","ast-main-header-display":"","ast-hfb-above-header-display":"","ast-hfb-below-header-display":"","ast-hfb-mobile-header-display":"","site-post-title":"disabled","ast-breadcrumbs-content":"","ast-featured-img":"","footer-sml-layout":"","theme-transparent-header-meta":"","adv-header-id-meta":"","stick-header-meta":"","header-above-stick-meta":"","header-main-stick-meta":"","header-below-stick-meta":"","astra-migrate-meta-layouts":"default","ast-page-background-enabled":"default","ast-page-background-meta":{"desktop":{"background-color":"var(--ast-global-color-4)","background-image":"","background-repeat":"repeat","background-position":"center center","background-size":"auto","background-attachment":"scroll","background-type":"","background-media":"","overlay-type":"","overlay-color":"","overlay-opacity":"","overlay-gradient":""},"tablet":{"background-color":"","background-image":"","background-repeat":"repeat","background-position":"center center","background-size":"auto","background-attachment":"scroll","background-type":"","background-media":"","overlay-type":"","overlay-color":"","overlay-opacity":"","overlay-gradient":""},"mobile":{"background-color":"","background-image":"","background-repeat":"repeat","background-position":"center center","background-size":"auto","background-attachment":"scroll","background-type":"","background-media":"","overlay-type":"","overlay-color":"","overlay-opacity":"","overlay-gradient":""}},"ast-content-background-meta":{"desktop":{"background-color":"var(--ast-global-color-5)","background-image":"","background-repeat":"repeat","background-position":"center center","background-size":"auto","background-attachment":"scroll","background-type":"","background-media":"","overlay-type":"","overlay-color":"","overlay-opacity":"","overlay-gradient":""},"tablet":{"background-color":"var(--ast-global-color-5)","background-image":"","background-repeat":"repeat","background-position":"center center","background-size":"auto","background-attachment":"scroll","background-type":"","background-media":"","overlay-type":"","overlay-color":"","overlay-opacity":"","overlay-gradient":""},"mobile":{"background-color":"var(--ast-global-color-5)","background-image":"","background-repeat":"repeat","background-position":"center center","background-size":"auto","background-attachment":"scroll","background-type":"","background-media":"","overlay-type":"","overlay-color":"","overlay-opacity":"","overlay-gradient":""}},"pgc_sgb_lightbox_settings":"","footnotes":""},"class_list":["post-22","page","type-page","status-publish","hentry"],"acf":[],"yoast_head":"<!-- This site is optimized with the Yoast SEO plugin v27.4 - https:\/\/yoast.com\/product\/yoast-seo-wordpress\/ -->\n<title>LET&#039;S Festival 2025 - Il Festival - LET&#039;S Festival<\/title>\n<meta name=\"description\" content=\"LET\u2019S Festival nasce dal desiderio di cambiare le cose, di portare luce c&#039;\u00e8 solo silenzio, cultura dove si dice che &quot;non succede mai nulla&quot;.\" \/>\n<meta name=\"robots\" content=\"index, follow, max-snippet:-1, max-image-preview:large, max-video-preview:-1\" \/>\n<link rel=\"canonical\" href=\"https:\/\/gbarone.isialab.it\/lets_festival_2025\/lets-festival-ilfestival\/\" \/>\n<meta property=\"og:locale\" content=\"it_IT\" \/>\n<meta property=\"og:type\" content=\"article\" \/>\n<meta property=\"og:title\" content=\"LET&#039;S Festival 2025 - Il Festival - LET&#039;S Festival\" \/>\n<meta property=\"og:description\" content=\"LET\u2019S Festival nasce dal desiderio di cambiare le cose, di portare luce c&#039;\u00e8 solo silenzio, cultura dove si dice che &quot;non succede mai nulla&quot;.\" \/>\n<meta property=\"og:url\" content=\"https:\/\/gbarone.isialab.it\/lets_festival_2025\/lets-festival-ilfestival\/\" \/>\n<meta property=\"article:modified_time\" content=\"2025-09-19T08:07:25+00:00\" \/>\n<meta property=\"og:image\" content=\"https:\/\/gbarone.isialab.it\/lets_festival_2025\/wp-content\/uploads\/2025\/09\/pallini_cornice.webp\" \/>\n\t<meta property=\"og:image:width\" content=\"1902\" \/>\n\t<meta property=\"og:image:height\" content=\"55\" \/>\n\t<meta property=\"og:image:type\" content=\"image\/webp\" \/>\n<meta name=\"twitter:card\" content=\"summary_large_image\" \/>\n<meta name=\"twitter:label1\" content=\"Tempo di lettura stimato\" \/>\n\t<meta name=\"twitter:data1\" content=\"3 minuti\" \/>\n<script type=\"application\/ld+json\" class=\"yoast-schema-graph\">{\"@context\":\"https:\\\/\\\/schema.org\",\"@graph\":[{\"@type\":\"WebPage\",\"@id\":\"https:\\\/\\\/gbarone.isialab.it\\\/lets_festival_2025\\\/lets-festival-ilfestival\\\/\",\"url\":\"https:\\\/\\\/gbarone.isialab.it\\\/lets_festival_2025\\\/lets-festival-ilfestival\\\/\",\"name\":\"LET'S Festival 2025 - Il Festival - LET'S Festival\",\"isPartOf\":{\"@id\":\"https:\\\/\\\/gbarone.isialab.it\\\/lets_festival_2025\\\/#website\"},\"primaryImageOfPage\":{\"@id\":\"https:\\\/\\\/gbarone.isialab.it\\\/lets_festival_2025\\\/lets-festival-ilfestival\\\/#primaryimage\"},\"image\":{\"@id\":\"https:\\\/\\\/gbarone.isialab.it\\\/lets_festival_2025\\\/lets-festival-ilfestival\\\/#primaryimage\"},\"thumbnailUrl\":\"https:\\\/\\\/gbarone.isialab.it\\\/lets_festival_2025\\\/wp-content\\\/uploads\\\/2025\\\/09\\\/pallini_cornice-1024x30.webp\",\"datePublished\":\"2025-08-13T16:10:26+00:00\",\"dateModified\":\"2025-09-19T08:07:25+00:00\",\"description\":\"LET\u2019S Festival nasce dal desiderio di cambiare le cose, di portare luce c'\u00e8 solo silenzio, cultura dove si dice che \\\"non succede mai nulla\\\".\",\"breadcrumb\":{\"@id\":\"https:\\\/\\\/gbarone.isialab.it\\\/lets_festival_2025\\\/lets-festival-ilfestival\\\/#breadcrumb\"},\"inLanguage\":\"it-IT\",\"potentialAction\":[{\"@type\":\"ReadAction\",\"target\":[\"https:\\\/\\\/gbarone.isialab.it\\\/lets_festival_2025\\\/lets-festival-ilfestival\\\/\"]}]},{\"@type\":\"ImageObject\",\"inLanguage\":\"it-IT\",\"@id\":\"https:\\\/\\\/gbarone.isialab.it\\\/lets_festival_2025\\\/lets-festival-ilfestival\\\/#primaryimage\",\"url\":\"https:\\\/\\\/gbarone.isialab.it\\\/lets_festival_2025\\\/wp-content\\\/uploads\\\/2025\\\/09\\\/pallini_cornice.webp\",\"contentUrl\":\"https:\\\/\\\/gbarone.isialab.it\\\/lets_festival_2025\\\/wp-content\\\/uploads\\\/2025\\\/09\\\/pallini_cornice.webp\",\"width\":1902,\"height\":55},{\"@type\":\"BreadcrumbList\",\"@id\":\"https:\\\/\\\/gbarone.isialab.it\\\/lets_festival_2025\\\/lets-festival-ilfestival\\\/#breadcrumb\",\"itemListElement\":[{\"@type\":\"ListItem\",\"position\":1,\"name\":\"Home\",\"item\":\"https:\\\/\\\/gbarone.isialab.it\\\/lets_festival_2025\\\/\"},{\"@type\":\"ListItem\",\"position\":2,\"name\":\"IL FESTIVAL\"}]},{\"@type\":\"WebSite\",\"@id\":\"https:\\\/\\\/gbarone.isialab.it\\\/lets_festival_2025\\\/#website\",\"url\":\"https:\\\/\\\/gbarone.isialab.it\\\/lets_festival_2025\\\/\",\"name\":\"\",\"description\":\"\",\"potentialAction\":[{\"@type\":\"SearchAction\",\"target\":{\"@type\":\"EntryPoint\",\"urlTemplate\":\"https:\\\/\\\/gbarone.isialab.it\\\/lets_festival_2025\\\/?s={search_term_string}\"},\"query-input\":{\"@type\":\"PropertyValueSpecification\",\"valueRequired\":true,\"valueName\":\"search_term_string\"}}],\"inLanguage\":\"it-IT\"}]}<\/script>\n<!-- \/ Yoast SEO plugin. -->","yoast_head_json":{"title":"LET'S Festival 2025 - Il Festival - LET'S Festival","description":"LET\u2019S Festival nasce dal desiderio di cambiare le cose, di portare luce c'\u00e8 solo silenzio, cultura dove si dice che \"non succede mai nulla\".","robots":{"index":"index","follow":"follow","max-snippet":"max-snippet:-1","max-image-preview":"max-image-preview:large","max-video-preview":"max-video-preview:-1"},"canonical":"https:\/\/gbarone.isialab.it\/lets_festival_2025\/lets-festival-ilfestival\/","og_locale":"it_IT","og_type":"article","og_title":"LET'S Festival 2025 - Il Festival - LET'S Festival","og_description":"LET\u2019S Festival nasce dal desiderio di cambiare le cose, di portare luce c'\u00e8 solo silenzio, cultura dove si dice che \"non succede mai nulla\".","og_url":"https:\/\/gbarone.isialab.it\/lets_festival_2025\/lets-festival-ilfestival\/","article_modified_time":"2025-09-19T08:07:25+00:00","og_image":[{"width":1902,"height":55,"url":"https:\/\/gbarone.isialab.it\/lets_festival_2025\/wp-content\/uploads\/2025\/09\/pallini_cornice.webp","type":"image\/webp"}],"twitter_card":"summary_large_image","twitter_misc":{"Tempo di lettura stimato":"3 minuti"},"schema":{"@context":"https:\/\/schema.org","@graph":[{"@type":"WebPage","@id":"https:\/\/gbarone.isialab.it\/lets_festival_2025\/lets-festival-ilfestival\/","url":"https:\/\/gbarone.isialab.it\/lets_festival_2025\/lets-festival-ilfestival\/","name":"LET'S Festival 2025 - Il Festival - LET'S Festival","isPartOf":{"@id":"https:\/\/gbarone.isialab.it\/lets_festival_2025\/#website"},"primaryImageOfPage":{"@id":"https:\/\/gbarone.isialab.it\/lets_festival_2025\/lets-festival-ilfestival\/#primaryimage"},"image":{"@id":"https:\/\/gbarone.isialab.it\/lets_festival_2025\/lets-festival-ilfestival\/#primaryimage"},"thumbnailUrl":"https:\/\/gbarone.isialab.it\/lets_festival_2025\/wp-content\/uploads\/2025\/09\/pallini_cornice-1024x30.webp","datePublished":"2025-08-13T16:10:26+00:00","dateModified":"2025-09-19T08:07:25+00:00","description":"LET\u2019S Festival nasce dal desiderio di cambiare le cose, di portare luce c'\u00e8 solo silenzio, cultura dove si dice che \"non succede mai nulla\".","breadcrumb":{"@id":"https:\/\/gbarone.isialab.it\/lets_festival_2025\/lets-festival-ilfestival\/#breadcrumb"},"inLanguage":"it-IT","potentialAction":[{"@type":"ReadAction","target":["https:\/\/gbarone.isialab.it\/lets_festival_2025\/lets-festival-ilfestival\/"]}]},{"@type":"ImageObject","inLanguage":"it-IT","@id":"https:\/\/gbarone.isialab.it\/lets_festival_2025\/lets-festival-ilfestival\/#primaryimage","url":"https:\/\/gbarone.isialab.it\/lets_festival_2025\/wp-content\/uploads\/2025\/09\/pallini_cornice.webp","contentUrl":"https:\/\/gbarone.isialab.it\/lets_festival_2025\/wp-content\/uploads\/2025\/09\/pallini_cornice.webp","width":1902,"height":55},{"@type":"BreadcrumbList","@id":"https:\/\/gbarone.isialab.it\/lets_festival_2025\/lets-festival-ilfestival\/#breadcrumb","itemListElement":[{"@type":"ListItem","position":1,"name":"Home","item":"https:\/\/gbarone.isialab.it\/lets_festival_2025\/"},{"@type":"ListItem","position":2,"name":"IL FESTIVAL"}]},{"@type":"WebSite","@id":"https:\/\/gbarone.isialab.it\/lets_festival_2025\/#website","url":"https:\/\/gbarone.isialab.it\/lets_festival_2025\/","name":"","description":"","potentialAction":[{"@type":"SearchAction","target":{"@type":"EntryPoint","urlTemplate":"https:\/\/gbarone.isialab.it\/lets_festival_2025\/?s={search_term_string}"},"query-input":{"@type":"PropertyValueSpecification","valueRequired":true,"valueName":"search_term_string"}}],"inLanguage":"it-IT"}]}},"uagb_featured_image_src":{"full":false,"thumbnail":false,"medium":false,"medium_large":false,"large":false,"1536x1536":false,"2048x2048":false},"uagb_author_info":{"display_name":"admin","author_link":"https:\/\/gbarone.isialab.it\/lets_festival_2025\/author\/admin\/"},"uagb_comment_info":0,"uagb_excerpt":"LET\u2019S Festival nasce dal desiderio di cambiare le cose. Di portare luce dove spesso c&#8217;\u00e8 solo silenzio, cultura dove si dice che &#8220;non succede mai nulla&#8221;. Abbiamo immaginato un festival che fosse molto pi\u00f9 di musica: un\u2019occasione di incontro, espressione e comunit\u00e0. Vogliamo dare voce alle nuove generazioni, far vivere i borghi di provincia e&hellip;","_links":{"self":[{"href":"https:\/\/gbarone.isialab.it\/lets_festival_2025\/wp-json\/wp\/v2\/pages\/22","targetHints":{"allow":["GET"]}}],"collection":[{"href":"https:\/\/gbarone.isialab.it\/lets_festival_2025\/wp-json\/wp\/v2\/pages"}],"about":[{"href":"https:\/\/gbarone.isialab.it\/lets_festival_2025\/wp-json\/wp\/v2\/types\/page"}],"author":[{"embeddable":true,"href":"https:\/\/gbarone.isialab.it\/lets_festival_2025\/wp-json\/wp\/v2\/users\/1"}],"replies":[{"embeddable":true,"href":"https:\/\/gbarone.isialab.it\/lets_festival_2025\/wp-json\/wp\/v2\/comments?post=22"}],"version-history":[{"count":282,"href":"https:\/\/gbarone.isialab.it\/lets_festival_2025\/wp-json\/wp\/v2\/pages\/22\/revisions"}],"predecessor-version":[{"id":6023,"href":"https:\/\/gbarone.isialab.it\/lets_festival_2025\/wp-json\/wp\/v2\/pages\/22\/revisions\/6023"}],"wp:attachment":[{"href":"https:\/\/gbarone.isialab.it\/lets_festival_2025\/wp-json\/wp\/v2\/media?parent=22"}],"curies":[{"name":"wp","href":"https:\/\/api.w.org\/{rel}","templated":true}]}}