{"id":2844,"date":"2025-08-28T16:04:30","date_gmt":"2025-08-28T14:04:30","guid":{"rendered":"https:\/\/gbarone.isialab.it\/lets_festival_2025\/?post_type=artista&#038;p=2844"},"modified":"2025-09-18T12:11:12","modified_gmt":"2025-09-18T10:11:12","slug":"lamante","status":"publish","type":"artista","link":"https:\/\/gbarone.isialab.it\/lets_festival_2025\/artista\/lamante\/","title":{"rendered":"LAMANTE"},"content":{"rendered":"\n<div class=\"wp-block-uagb-container uagb-block-761d270a alignfull uagb-is-root-container\"><div class=\"uagb-container-inner-blocks-wrap\">\n<p>Lamante, nome d\u2019arte di Giorgia Pietribiasi, \u00e8 una cantautrice emergente della scena indipendente italiana che trasforma memoria, emozioni e fragilit\u00e0 in musica intensa e poetica. La sua scrittura, raffinata e profonda, si muove tra amore e dolore con una sensibilit\u00e0 rara, capace di dare voce alle assenze, alle mancanze e alle contraddizioni del vivere quotidiano. <br><br>Con le sue \u201ccronache del disordine\u201d, Lamante costruisce un universo sonoro intimo e vibrante, dove testi delicati e intensi si intrecciano a melodie eleganti e avvolgenti. Le sue canzoni, sempre curate nei dettagli e autentiche nell\u2019espressione, sono testimonianza di un percorso artistico coraggioso, che non rinuncia mai a dire la verit\u00e0 emotiva. Sul palco, Lamante porta un live coinvolgente e sincero, capace di toccare corde profonde e di trasformare la vulnerabilit\u00e0 in forza. Con la sua voce lucida e calda, rappresenta una delle promesse pi\u00f9 luminose della nuova generazione cantautorale italiana.<\/p>\n<\/div><\/div>\n\n\n\n<div class=\"wp-block-uagb-container uagb-block-bc98a763 alignfull uagb-is-root-container\"><div class=\"uagb-container-inner-blocks-wrap\">\n<ul class=\"wp-block-social-links has-large-icon-size has-icon-color is-style-logos-only is-layout-flex wp-container-core-social-links-is-layout-5459b461 wp-block-social-links-is-layout-flex\"><li style=\"color:#000000;\" class=\"wp-social-link wp-social-link-instagram has-black-color wp-block-social-link\"><a rel=\"noopener nofollow\" target=\"_blank\" href=\"https:\/\/www.instagram.com\/lamante.giorgia\/\" class=\"wp-block-social-link-anchor\"><svg width=\"24\" height=\"24\" viewBox=\"0 0 24 24\" version=\"1.1\" xmlns=\"http:\/\/www.w3.org\/2000\/svg\" aria-hidden=\"true\" focusable=\"false\"><path d=\"M12,4.622c2.403,0,2.688,0.009,3.637,0.052c0.877,0.04,1.354,0.187,1.671,0.31c0.42,0.163,0.72,0.358,1.035,0.673 c0.315,0.315,0.51,0.615,0.673,1.035c0.123,0.317,0.27,0.794,0.31,1.671c0.043,0.949,0.052,1.234,0.052,3.637 s-0.009,2.688-0.052,3.637c-0.04,0.877-0.187,1.354-0.31,1.671c-0.163,0.42-0.358,0.72-0.673,1.035 c-0.315,0.315-0.615,0.51-1.035,0.673c-0.317,0.123-0.794,0.27-1.671,0.31c-0.949,0.043-1.233,0.052-3.637,0.052 s-2.688-0.009-3.637-0.052c-0.877-0.04-1.354-0.187-1.671-0.31c-0.42-0.163-0.72-0.358-1.035-0.673 c-0.315-0.315-0.51-0.615-0.673-1.035c-0.123-0.317-0.27-0.794-0.31-1.671C4.631,14.688,4.622,14.403,4.622,12 s0.009-2.688,0.052-3.637c0.04-0.877,0.187-1.354,0.31-1.671c0.163-0.42,0.358-0.72,0.673-1.035 c0.315-0.315,0.615-0.51,1.035-0.673c0.317-0.123,0.794-0.27,1.671-0.31C9.312,4.631,9.597,4.622,12,4.622 M12,3 C9.556,3,9.249,3.01,8.289,3.054C7.331,3.098,6.677,3.25,6.105,3.472C5.513,3.702,5.011,4.01,4.511,4.511 c-0.5,0.5-0.808,1.002-1.038,1.594C3.25,6.677,3.098,7.331,3.054,8.289C3.01,9.249,3,9.556,3,12c0,2.444,0.01,2.751,0.054,3.711 c0.044,0.958,0.196,1.612,0.418,2.185c0.23,0.592,0.538,1.094,1.038,1.594c0.5,0.5,1.002,0.808,1.594,1.038 c0.572,0.222,1.227,0.375,2.185,0.418C9.249,20.99,9.556,21,12,21s2.751-0.01,3.711-0.054c0.958-0.044,1.612-0.196,2.185-0.418 c0.592-0.23,1.094-0.538,1.594-1.038c0.5-0.5,0.808-1.002,1.038-1.594c0.222-0.572,0.375-1.227,0.418-2.185 C20.99,14.751,21,14.444,21,12s-0.01-2.751-0.054-3.711c-0.044-0.958-0.196-1.612-0.418-2.185c-0.23-0.592-0.538-1.094-1.038-1.594 c-0.5-0.5-1.002-0.808-1.594-1.038c-0.572-0.222-1.227-0.375-2.185-0.418C14.751,3.01,14.444,3,12,3L12,3z M12,7.378 c-2.552,0-4.622,2.069-4.622,4.622S9.448,16.622,12,16.622s4.622-2.069,4.622-4.622S14.552,7.378,12,7.378z M12,15 c-1.657,0-3-1.343-3-3s1.343-3,3-3s3,1.343,3,3S13.657,15,12,15z M16.804,6.116c-0.596,0-1.08,0.484-1.08,1.08 s0.484,1.08,1.08,1.08c0.596,0,1.08-0.484,1.08-1.08S17.401,6.116,16.804,6.116z\"><\/path><\/svg><span class=\"wp-block-social-link-label screen-reader-text\">Instagram<\/span><\/a><\/li>\n\n<li style=\"color:#000000;\" class=\"wp-social-link wp-social-link-youtube has-black-color wp-block-social-link\"><a rel=\"noopener nofollow\" target=\"_blank\" href=\"https:\/\/www.youtube.com\/@Lamante_\" class=\"wp-block-social-link-anchor\"><svg width=\"24\" height=\"24\" viewBox=\"0 0 24 24\" version=\"1.1\" xmlns=\"http:\/\/www.w3.org\/2000\/svg\" aria-hidden=\"true\" focusable=\"false\"><path d=\"M21.8,8.001c0,0-0.195-1.378-0.795-1.985c-0.76-0.797-1.613-0.801-2.004-0.847c-2.799-0.202-6.997-0.202-6.997-0.202 h-0.009c0,0-4.198,0-6.997,0.202C4.608,5.216,3.756,5.22,2.995,6.016C2.395,6.623,2.2,8.001,2.2,8.001S2,9.62,2,11.238v1.517 c0,1.618,0.2,3.237,0.2,3.237s0.195,1.378,0.795,1.985c0.761,0.797,1.76,0.771,2.205,0.855c1.6,0.153,6.8,0.201,6.8,0.201 s4.203-0.006,7.001-0.209c0.391-0.047,1.243-0.051,2.004-0.847c0.6-0.607,0.795-1.985,0.795-1.985s0.2-1.618,0.2-3.237v-1.517 C22,9.62,21.8,8.001,21.8,8.001z M9.935,14.594l-0.001-5.62l5.404,2.82L9.935,14.594z\"><\/path><\/svg><span class=\"wp-block-social-link-label screen-reader-text\">YouTube<\/span><\/a><\/li>\n\n<li style=\"color:#000000;\" class=\"wp-social-link wp-social-link-spotify has-black-color wp-block-social-link\"><a rel=\"noopener nofollow\" target=\"_blank\" href=\"https:\/\/open.spotify.com\/intl-it\/artist\/2xeeRKVa5SjYer8xeOMHgd?si=Ga6ONJgcQMi9mVjUVZ1Ulg\" class=\"wp-block-social-link-anchor\"><svg width=\"24\" height=\"24\" viewBox=\"0 0 24 24\" version=\"1.1\" xmlns=\"http:\/\/www.w3.org\/2000\/svg\" aria-hidden=\"true\" focusable=\"false\"><path d=\"M12,2C6.477,2,2,6.477,2,12c0,5.523,4.477,10,10,10c5.523,0,10-4.477,10-10C22,6.477,17.523,2,12,2 M16.586,16.424 c-0.18,0.295-0.563,0.387-0.857,0.207c-2.348-1.435-5.304-1.76-8.785-0.964c-0.335,0.077-0.67-0.133-0.746-0.469 c-0.077-0.335,0.132-0.67,0.469-0.746c3.809-0.871,7.077-0.496,9.713,1.115C16.673,15.746,16.766,16.13,16.586,16.424 M17.81,13.7 c-0.226,0.367-0.706,0.482-1.072,0.257c-2.687-1.652-6.785-2.131-9.965-1.166C6.36,12.917,5.925,12.684,5.8,12.273 C5.675,11.86,5.908,11.425,6.32,11.3c3.632-1.102,8.147-0.568,11.234,1.328C17.92,12.854,18.035,13.335,17.81,13.7 M17.915,10.865 c-3.223-1.914-8.54-2.09-11.618-1.156C5.804,9.859,5.281,9.58,5.131,9.086C4.982,8.591,5.26,8.069,5.755,7.919 c3.532-1.072,9.404-0.865,13.115,1.338c0.445,0.264,0.59,0.838,0.327,1.282C18.933,10.983,18.359,11.129,17.915,10.865\"><\/path><\/svg><span class=\"wp-block-social-link-label screen-reader-text\">Spotify<\/span><\/a><\/li><\/ul>\n\n\n\n<div class=\"wp-block-uagb-buttons uagb-buttons__outer-wrap uagb-btn__default-btn uagb-btn-tablet__default-btn uagb-btn-mobile__default-btn uagb-block-f57c36c0\"><div class=\"uagb-buttons__wrap uagb-buttons-layout-wrap \">\n<div class=\"wp-block-uagb-buttons-child uagb-buttons__outer-wrap uagb-block-589cfa61 wp-block-button\"><div class=\"uagb-button__wrapper\"><a class=\"uagb-buttons-repeater wp-block-button__link\" aria-label=\"\" href=\"https:\/\/dice.fm\/partner\/ass-cult-musicastrada\/event\/mxenxv-lets-festival-2026-abbonamento-10th-jul-orto-di-san-matteo-castelfranco-di-sotto-tickets?dice_id=6598105&amp;dice_channel=web&amp;dice_tags=organic&amp;dice_campaign=Ass+Cult+Musicastrada&amp;dice_feature=mio_marketing&amp;fbclid=PAZXh0bgNhZW0CMTEAAadEi0V98V13y-00znnIqArgKDF0sX4VU40HsIpG0QsXXBtdTAmldboFcPQY6Q_aem_IKp3EvwIGYS4gj5aSitHOQ&amp;_branch_match_id=1247209986606331630&amp;utm_source=web&amp;utm_campaign=Ass+Cult+Musicastrada&amp;utm_medium=mio_marketing&amp;_branch_referrer=H4sIAAAAAAAAAwXB2wqCMAAA0L%2FprVw4TQOJZd6QStFMfRHdpq68tUlSD31757TzPIm9JHVseG4Iw3RT9xLbaViHCpZltT7UFe4YMQKUpy2omkub34F5ji2ESmIxkOhaspU%2FawC%2Bw%2BC9EG%2F8kw1ECpMbBK7wJgeEIk2PM4lR35FqtHEQZmpYlLQvPH%2BSrffiOVkEm4dSRmx2r%2BHqx2lNOWdDU1R8XATlhtnysad%2FePhZIK4AAAA%3D\" rel=\"follow noopener\" target=\"_self\" role=\"button\"><div class=\"uagb-button__link\">BIGLIETTI GIORNO 2 >>><\/div><\/a><\/div><\/div>\n<\/div><\/div>\n<\/div><\/div>\n\n\n\n<div class=\"wp-block-uagb-container uagb-block-e6867701 alignfull uagb-is-root-container\"><div class=\"uagb-container-inner-blocks-wrap\">\n<figure class=\"wp-block-embed is-type-video is-provider-youtube wp-block-embed-youtube wp-embed-aspect-16-9 wp-has-aspect-ratio\"><div class=\"wp-block-embed__wrapper\">\n<div class=\"ast-oembed-container \" style=\"height: 100%;\"><iframe loading=\"lazy\" title=\"Lamante - Non Chiamarmi Bella (Official Video)\" width=\"500\" height=\"281\" src=\"https:\/\/www.youtube.com\/embed\/7cfu-1_8cPE?feature=oembed\" frameborder=\"0\" allow=\"accelerometer; autoplay; clipboard-write; encrypted-media; gyroscope; picture-in-picture; web-share\" referrerpolicy=\"strict-origin-when-cross-origin\" allowfullscreen><\/iframe><\/div>\n<\/div><\/figure>\n<\/div><\/div>\n\n\n\n<div class=\"wp-block-uagb-container uagb-block-da0f814b alignfull uagb-is-root-container\"><div class=\"uagb-container-inner-blocks-wrap\">\n<div class=\"wp-block-uagb-buttons uagb-buttons__outer-wrap uagb-btn__default-btn uagb-btn-tablet__default-btn uagb-btn-mobile__default-btn uagb-block-754b5915\"><div class=\"uagb-buttons__wrap uagb-buttons-layout-wrap \">\n<div class=\"wp-block-uagb-buttons-child uagb-buttons__outer-wrap uagb-block-ed6a985e wp-block-button\"><div class=\"uagb-button__wrapper\"><a class=\"uagb-buttons-repeater wp-block-button__link\" aria-label=\"\" href=\"https:\/\/gbarone.isialab.it\/lets_festival_2025\/artisti-2025\/\" rel=\"follow noopener\" target=\"_self\" role=\"button\"><div class=\"uagb-button__link\">GUARDA TUTTI\/E >>><\/div><\/a><\/div><\/div>\n<\/div><\/div>\n<\/div><\/div>\n","protected":false},"excerpt":{"rendered":"<p>Lamante, nome d\u2019arte di Giorgia Pietribiasi, \u00e8 una cantautrice emergente della scena indipendente italiana che trasforma memoria, emozioni e fragilit\u00e0 in musica intensa e poetica. La sua scrittura, raffinata e profonda, si muove tra amore e dolore con una sensibilit\u00e0 rara, capace di dare voce alle assenze, alle mancanze e alle contraddizioni del vivere quotidiano. <\/p>\n","protected":false},"author":1,"featured_media":4402,"parent":0,"menu_order":0,"template":"","meta":{"_acf_changed":false,"inline_featured_image":false,"_uag_custom_page_level_css":"","site-sidebar-layout":"default","site-content-layout":"","ast-site-content-layout":"default","site-content-style":"default","site-sidebar-style":"default","ast-global-header-display":"","ast-banner-title-visibility":"","ast-main-header-display":"","ast-hfb-above-header-display":"","ast-hfb-below-header-display":"","ast-hfb-mobile-header-display":"","site-post-title":"disabled","ast-breadcrumbs-content":"","ast-featured-img":"","footer-sml-layout":"","theme-transparent-header-meta":"default","adv-header-id-meta":"","stick-header-meta":"","header-above-stick-meta":"","header-main-stick-meta":"","header-below-stick-meta":"","astra-migrate-meta-layouts":"set","ast-page-background-enabled":"default","ast-page-background-meta":{"desktop":{"background-color":"var(--ast-global-color-4)","background-image":"","background-repeat":"repeat","background-position":"center center","background-size":"auto","background-attachment":"scroll","background-type":"","background-media":"","overlay-type":"","overlay-color":"","overlay-opacity":"","overlay-gradient":""},"tablet":{"background-color":"","background-image":"","background-repeat":"repeat","background-position":"center center","background-size":"auto","background-attachment":"scroll","background-type":"","background-media":"","overlay-type":"","overlay-color":"","overlay-opacity":"","overlay-gradient":""},"mobile":{"background-color":"","background-image":"","background-repeat":"repeat","background-position":"center center","background-size":"auto","background-attachment":"scroll","background-type":"","background-media":"","overlay-type":"","overlay-color":"","overlay-opacity":"","overlay-gradient":""}},"ast-content-background-meta":{"desktop":{"background-color":"var(--ast-global-color-5)","background-image":"","background-repeat":"repeat","background-position":"center center","background-size":"auto","background-attachment":"scroll","background-type":"","background-media":"","overlay-type":"","overlay-color":"","overlay-opacity":"","overlay-gradient":""},"tablet":{"background-color":"var(--ast-global-color-5)","background-image":"","background-repeat":"repeat","background-position":"center center","background-size":"auto","background-attachment":"scroll","background-type":"","background-media":"","overlay-type":"","overlay-color":"","overlay-opacity":"","overlay-gradient":""},"mobile":{"background-color":"var(--ast-global-color-5)","background-image":"","background-repeat":"repeat","background-position":"center center","background-size":"auto","background-attachment":"scroll","background-type":"","background-media":"","overlay-type":"","overlay-color":"","overlay-opacity":"","overlay-gradient":""}},"pgc_sgb_lightbox_settings":"","footnotes":""},"categories":[12],"tags":[],"class_list":["post-2844","artista","type-artista","status-publish","has-post-thumbnail","hentry","category-giorno2-artisti-2025"],"acf":[],"yoast_head":"<!-- This site is optimized with the Yoast SEO plugin v27.4 - https:\/\/yoast.com\/product\/yoast-seo-wordpress\/ -->\n<title>Lamante - LET&#039;S Festival 2025<\/title>\n<meta name=\"description\" content=\"Scopri gli artisti del LET&#039;S Festival 2025!\" \/>\n<meta name=\"robots\" content=\"index, follow, max-snippet:-1, max-image-preview:large, max-video-preview:-1\" \/>\n<link rel=\"canonical\" href=\"https:\/\/gbarone.isialab.it\/lets_festival_2025\/artista\/lamante\/\" \/>\n<meta property=\"og:locale\" content=\"it_IT\" \/>\n<meta property=\"og:type\" content=\"article\" \/>\n<meta property=\"og:title\" content=\"Lamante - LET&#039;S Festival 2025\" \/>\n<meta property=\"og:description\" content=\"Scopri gli artisti del LET&#039;S Festival 2025!\" \/>\n<meta property=\"og:url\" content=\"https:\/\/gbarone.isialab.it\/lets_festival_2025\/artista\/lamante\/\" \/>\n<meta property=\"article:modified_time\" content=\"2025-09-18T10:11:12+00:00\" \/>\n<meta property=\"og:image\" content=\"https:\/\/gbarone.isialab.it\/lets_festival_2025\/wp-content\/uploads\/2025\/08\/lamante_giorgia-1.webp\" \/>\n\t<meta property=\"og:image:width\" content=\"1901\" \/>\n\t<meta property=\"og:image:height\" content=\"801\" \/>\n\t<meta property=\"og:image:type\" content=\"image\/webp\" \/>\n<meta name=\"twitter:card\" content=\"summary_large_image\" \/>\n<meta name=\"twitter:label1\" content=\"Tempo di lettura stimato\" \/>\n\t<meta name=\"twitter:data1\" content=\"2 minuti\" \/>\n<script type=\"application\/ld+json\" class=\"yoast-schema-graph\">{\"@context\":\"https:\\\/\\\/schema.org\",\"@graph\":[{\"@type\":\"WebPage\",\"@id\":\"https:\\\/\\\/gbarone.isialab.it\\\/lets_festival_2025\\\/artista\\\/lamante\\\/\",\"url\":\"https:\\\/\\\/gbarone.isialab.it\\\/lets_festival_2025\\\/artista\\\/lamante\\\/\",\"name\":\"Lamante - LET'S Festival 2025\",\"isPartOf\":{\"@id\":\"https:\\\/\\\/gbarone.isialab.it\\\/lets_festival_2025\\\/#website\"},\"primaryImageOfPage\":{\"@id\":\"https:\\\/\\\/gbarone.isialab.it\\\/lets_festival_2025\\\/artista\\\/lamante\\\/#primaryimage\"},\"image\":{\"@id\":\"https:\\\/\\\/gbarone.isialab.it\\\/lets_festival_2025\\\/artista\\\/lamante\\\/#primaryimage\"},\"thumbnailUrl\":\"https:\\\/\\\/gbarone.isialab.it\\\/lets_festival_2025\\\/wp-content\\\/uploads\\\/2025\\\/08\\\/lamante_giorgia-1.webp\",\"datePublished\":\"2025-08-28T14:04:30+00:00\",\"dateModified\":\"2025-09-18T10:11:12+00:00\",\"description\":\"Scopri gli artisti del LET'S Festival 2025!\",\"breadcrumb\":{\"@id\":\"https:\\\/\\\/gbarone.isialab.it\\\/lets_festival_2025\\\/artista\\\/lamante\\\/#breadcrumb\"},\"inLanguage\":\"it-IT\",\"potentialAction\":[{\"@type\":\"ReadAction\",\"target\":[\"https:\\\/\\\/gbarone.isialab.it\\\/lets_festival_2025\\\/artista\\\/lamante\\\/\"]}]},{\"@type\":\"ImageObject\",\"inLanguage\":\"it-IT\",\"@id\":\"https:\\\/\\\/gbarone.isialab.it\\\/lets_festival_2025\\\/artista\\\/lamante\\\/#primaryimage\",\"url\":\"https:\\\/\\\/gbarone.isialab.it\\\/lets_festival_2025\\\/wp-content\\\/uploads\\\/2025\\\/08\\\/lamante_giorgia-1.webp\",\"contentUrl\":\"https:\\\/\\\/gbarone.isialab.it\\\/lets_festival_2025\\\/wp-content\\\/uploads\\\/2025\\\/08\\\/lamante_giorgia-1.webp\",\"width\":1901,\"height\":801,\"caption\":\"Foto dell'artista Lamante Giorgia\"},{\"@type\":\"BreadcrumbList\",\"@id\":\"https:\\\/\\\/gbarone.isialab.it\\\/lets_festival_2025\\\/artista\\\/lamante\\\/#breadcrumb\",\"itemListElement\":[{\"@type\":\"ListItem\",\"position\":1,\"name\":\"Home\",\"item\":\"https:\\\/\\\/gbarone.isialab.it\\\/lets_festival_2025\\\/\"},{\"@type\":\"ListItem\",\"position\":2,\"name\":\"Artista\",\"item\":\"https:\\\/\\\/gbarone.isialab.it\\\/lets_festival_2025\\\/artista\\\/\"},{\"@type\":\"ListItem\",\"position\":3,\"name\":\"LAMANTE\"}]},{\"@type\":\"WebSite\",\"@id\":\"https:\\\/\\\/gbarone.isialab.it\\\/lets_festival_2025\\\/#website\",\"url\":\"https:\\\/\\\/gbarone.isialab.it\\\/lets_festival_2025\\\/\",\"name\":\"\",\"description\":\"\",\"potentialAction\":[{\"@type\":\"SearchAction\",\"target\":{\"@type\":\"EntryPoint\",\"urlTemplate\":\"https:\\\/\\\/gbarone.isialab.it\\\/lets_festival_2025\\\/?s={search_term_string}\"},\"query-input\":{\"@type\":\"PropertyValueSpecification\",\"valueRequired\":true,\"valueName\":\"search_term_string\"}}],\"inLanguage\":\"it-IT\"}]}<\/script>\n<!-- \/ Yoast SEO plugin. -->","yoast_head_json":{"title":"Lamante - LET'S Festival 2025","description":"Scopri gli artisti del LET'S Festival 2025!","robots":{"index":"index","follow":"follow","max-snippet":"max-snippet:-1","max-image-preview":"max-image-preview:large","max-video-preview":"max-video-preview:-1"},"canonical":"https:\/\/gbarone.isialab.it\/lets_festival_2025\/artista\/lamante\/","og_locale":"it_IT","og_type":"article","og_title":"Lamante - LET'S Festival 2025","og_description":"Scopri gli artisti del LET'S Festival 2025!","og_url":"https:\/\/gbarone.isialab.it\/lets_festival_2025\/artista\/lamante\/","article_modified_time":"2025-09-18T10:11:12+00:00","og_image":[{"width":1901,"height":801,"url":"https:\/\/gbarone.isialab.it\/lets_festival_2025\/wp-content\/uploads\/2025\/08\/lamante_giorgia-1.webp","type":"image\/webp"}],"twitter_card":"summary_large_image","twitter_misc":{"Tempo di lettura stimato":"2 minuti"},"schema":{"@context":"https:\/\/schema.org","@graph":[{"@type":"WebPage","@id":"https:\/\/gbarone.isialab.it\/lets_festival_2025\/artista\/lamante\/","url":"https:\/\/gbarone.isialab.it\/lets_festival_2025\/artista\/lamante\/","name":"Lamante - LET'S Festival 2025","isPartOf":{"@id":"https:\/\/gbarone.isialab.it\/lets_festival_2025\/#website"},"primaryImageOfPage":{"@id":"https:\/\/gbarone.isialab.it\/lets_festival_2025\/artista\/lamante\/#primaryimage"},"image":{"@id":"https:\/\/gbarone.isialab.it\/lets_festival_2025\/artista\/lamante\/#primaryimage"},"thumbnailUrl":"https:\/\/gbarone.isialab.it\/lets_festival_2025\/wp-content\/uploads\/2025\/08\/lamante_giorgia-1.webp","datePublished":"2025-08-28T14:04:30+00:00","dateModified":"2025-09-18T10:11:12+00:00","description":"Scopri gli artisti del LET'S Festival 2025!","breadcrumb":{"@id":"https:\/\/gbarone.isialab.it\/lets_festival_2025\/artista\/lamante\/#breadcrumb"},"inLanguage":"it-IT","potentialAction":[{"@type":"ReadAction","target":["https:\/\/gbarone.isialab.it\/lets_festival_2025\/artista\/lamante\/"]}]},{"@type":"ImageObject","inLanguage":"it-IT","@id":"https:\/\/gbarone.isialab.it\/lets_festival_2025\/artista\/lamante\/#primaryimage","url":"https:\/\/gbarone.isialab.it\/lets_festival_2025\/wp-content\/uploads\/2025\/08\/lamante_giorgia-1.webp","contentUrl":"https:\/\/gbarone.isialab.it\/lets_festival_2025\/wp-content\/uploads\/2025\/08\/lamante_giorgia-1.webp","width":1901,"height":801,"caption":"Foto dell'artista Lamante Giorgia"},{"@type":"BreadcrumbList","@id":"https:\/\/gbarone.isialab.it\/lets_festival_2025\/artista\/lamante\/#breadcrumb","itemListElement":[{"@type":"ListItem","position":1,"name":"Home","item":"https:\/\/gbarone.isialab.it\/lets_festival_2025\/"},{"@type":"ListItem","position":2,"name":"Artista","item":"https:\/\/gbarone.isialab.it\/lets_festival_2025\/artista\/"},{"@type":"ListItem","position":3,"name":"LAMANTE"}]},{"@type":"WebSite","@id":"https:\/\/gbarone.isialab.it\/lets_festival_2025\/#website","url":"https:\/\/gbarone.isialab.it\/lets_festival_2025\/","name":"","description":"","potentialAction":[{"@type":"SearchAction","target":{"@type":"EntryPoint","urlTemplate":"https:\/\/gbarone.isialab.it\/lets_festival_2025\/?s={search_term_string}"},"query-input":{"@type":"PropertyValueSpecification","valueRequired":true,"valueName":"search_term_string"}}],"inLanguage":"it-IT"}]}},"uagb_featured_image_src":{"full":["https:\/\/gbarone.isialab.it\/lets_festival_2025\/wp-content\/uploads\/2025\/08\/lamante_giorgia-1.webp",1901,801,false],"thumbnail":["https:\/\/gbarone.isialab.it\/lets_festival_2025\/wp-content\/uploads\/2025\/08\/lamante_giorgia-1-150x150.webp",150,150,true],"medium":["https:\/\/gbarone.isialab.it\/lets_festival_2025\/wp-content\/uploads\/2025\/08\/lamante_giorgia-1-300x126.webp",300,126,true],"medium_large":["https:\/\/gbarone.isialab.it\/lets_festival_2025\/wp-content\/uploads\/2025\/08\/lamante_giorgia-1-768x324.webp",768,324,true],"large":["https:\/\/gbarone.isialab.it\/lets_festival_2025\/wp-content\/uploads\/2025\/08\/lamante_giorgia-1-1024x431.webp",1024,431,true],"1536x1536":["https:\/\/gbarone.isialab.it\/lets_festival_2025\/wp-content\/uploads\/2025\/08\/lamante_giorgia-1-1536x647.webp",1536,647,true],"2048x2048":["https:\/\/gbarone.isialab.it\/lets_festival_2025\/wp-content\/uploads\/2025\/08\/lamante_giorgia-1.webp",1901,801,false]},"uagb_author_info":{"display_name":"admin","author_link":"https:\/\/gbarone.isialab.it\/lets_festival_2025\/author\/admin\/"},"uagb_comment_info":0,"uagb_excerpt":"Lamante, nome d\u2019arte di Giorgia Pietribiasi, \u00e8 una cantautrice emergente della scena indipendente italiana che trasforma memoria, emozioni e fragilit\u00e0 in musica intensa e poetica. La sua scrittura, raffinata e profonda, si muove tra amore e dolore con una sensibilit\u00e0 rara, capace di dare voce alle assenze, alle mancanze e alle contraddizioni del vivere quotidiano.","_links":{"self":[{"href":"https:\/\/gbarone.isialab.it\/lets_festival_2025\/wp-json\/wp\/v2\/artista\/2844","targetHints":{"allow":["GET"]}}],"collection":[{"href":"https:\/\/gbarone.isialab.it\/lets_festival_2025\/wp-json\/wp\/v2\/artista"}],"about":[{"href":"https:\/\/gbarone.isialab.it\/lets_festival_2025\/wp-json\/wp\/v2\/types\/artista"}],"author":[{"embeddable":true,"href":"https:\/\/gbarone.isialab.it\/lets_festival_2025\/wp-json\/wp\/v2\/users\/1"}],"version-history":[{"count":37,"href":"https:\/\/gbarone.isialab.it\/lets_festival_2025\/wp-json\/wp\/v2\/artista\/2844\/revisions"}],"predecessor-version":[{"id":5951,"href":"https:\/\/gbarone.isialab.it\/lets_festival_2025\/wp-json\/wp\/v2\/artista\/2844\/revisions\/5951"}],"wp:featuredmedia":[{"embeddable":true,"href":"https:\/\/gbarone.isialab.it\/lets_festival_2025\/wp-json\/wp\/v2\/media\/4402"}],"wp:attachment":[{"href":"https:\/\/gbarone.isialab.it\/lets_festival_2025\/wp-json\/wp\/v2\/media?parent=2844"}],"wp:term":[{"taxonomy":"category","embeddable":true,"href":"https:\/\/gbarone.isialab.it\/lets_festival_2025\/wp-json\/wp\/v2\/categories?post=2844"},{"taxonomy":"post_tag","embeddable":true,"href":"https:\/\/gbarone.isialab.it\/lets_festival_2025\/wp-json\/wp\/v2\/tags?post=2844"}],"curies":[{"name":"wp","href":"https:\/\/api.w.org\/{rel}","templated":true}]}}